{"id":869339,"date":"2026-06-28T00:00:00","date_gmt":"2026-06-28T00:00:00","guid":{"rendered":"https:\/\/www.moensmeubelen.be\/product\/52404oli-fr_be\/"},"modified":"2026-06-28T22:39:03","modified_gmt":"2026-06-28T20:39:03","slug":"52404OLI-fr_BE","status":"publish","type":"product","link":"https:\/\/www.moensmeubelen.be\/fr\/produit\/52404OLI-fr_BE\/","title":{"rendered":"Trentino, Buffet 240 cm. &#8211; 2 portes + 3 tiroirs + 2 pinces &#8211; Olive"},"content":{"rendered":"<p>La version olive de ce buffet TRENTINO de 240 cm donne au meuble une allure plus affirm\u00e9e. La finition en MDF laqu\u00e9 coloris olive s\u2019associe facilement \u00e0 d\u2019autres mat\u00e9riaux. Le buffet est livr\u00e9 avec un pi\u00e9tement m\u00e9tallique ton sur ton. Un pi\u00e9tement coloris graphite est disponible en option. Le syst\u00e8me push-to-open assure des portes et tiroirs sans poign\u00e9es. L\u2019agencement avec deux portes, trois tiroirs et deux niches \u00e9clair\u00e9es est pratique \u00e0 l\u2019usage. Ce buffet est aussi disponible en coloris cr\u00e8me.<\/p>\n","protected":false},"excerpt":{"rendered":"<p>Trentino, Buffet 240 cm. &#8211; 2 portes + 3 tiroirs + 2 pinces &#8211; Olive<\/p>\n","protected":false},"featured_media":1006998,"comment_status":"open","ping_status":"open","template":"","meta":{"_relevanssi_hide_post":"","_relevanssi_hide_content":"","_relevanssi_pin_for_all":"","_relevanssi_pin_keywords":"","_relevanssi_unpin_keywords":"","_relevanssi_related_keywords":"","_relevanssi_related_include_ids":"","_relevanssi_related_exclude_ids":"","_relevanssi_related_no_append":"","_relevanssi_related_not_related":"","_relevanssi_related_posts":"","_relevanssi_noindex_reason":""},"product_brand":[],"product_cat":[1377],"product_tag":[],"class_list":["post-869339","product","type-product","status-publish","has-post-thumbnail","product_cat-dressoirs_fr_BE","first","onbackorder","taxable","shipping-taxable","purchasable","product-type-simple"],"_links":{"self":[{"href":"https:\/\/www.moensmeubelen.be\/fr\/wp-json\/wp\/v2\/product\/869339","targetHints":{"allow":["GET"]}}],"collection":[{"href":"https:\/\/www.moensmeubelen.be\/fr\/wp-json\/wp\/v2\/product"}],"about":[{"href":"https:\/\/www.moensmeubelen.be\/fr\/wp-json\/wp\/v2\/types\/product"}],"replies":[{"embeddable":true,"href":"https:\/\/www.moensmeubelen.be\/fr\/wp-json\/wp\/v2\/comments?post=869339"}],"wp:featuredmedia":[{"embeddable":true,"href":"https:\/\/www.moensmeubelen.be\/fr\/wp-json\/wp\/v2\/media\/1006998"}],"wp:attachment":[{"href":"https:\/\/www.moensmeubelen.be\/fr\/wp-json\/wp\/v2\/media?parent=869339"}],"wp:term":[{"taxonomy":"product_brand","embeddable":true,"href":"https:\/\/www.moensmeubelen.be\/fr\/wp-json\/wp\/v2\/product_brand?post=869339"},{"taxonomy":"product_cat","embeddable":true,"href":"https:\/\/www.moensmeubelen.be\/fr\/wp-json\/wp\/v2\/product_cat?post=869339"},{"taxonomy":"product_tag","embeddable":true,"href":"https:\/\/www.moensmeubelen.be\/fr\/wp-json\/wp\/v2\/product_tag?post=869339"}],"curies":[{"name":"wp","href":"https:\/\/api.w.org\/{rel}","templated":true}]}}