{"id":869349,"date":"2026-06-28T00:00:00","date_gmt":"2026-06-28T00:00:00","guid":{"rendered":"https:\/\/www.moensmeubelen.be\/product\/52405oli-fr_be\/"},"modified":"2026-06-28T22:39:19","modified_gmt":"2026-06-28T20:39:19","slug":"52405OLI-fr_BE","status":"publish","type":"product","link":"https:\/\/www.moensmeubelen.be\/fr\/produit\/52405OLI-fr_BE\/","title":{"rendered":"Trentino, Buffet 210 cm. &#8211; 2 portes + 3 tiroirs + 2 pinces &#8211; Olive"},"content":{"rendered":"<p>Le buffet TRENTINO de 210 cm en coloris olive pr\u00e9sente une allure chaleureuse et marqu\u00e9e. La finition en MDF laqu\u00e9 lui conf\u00e8re une ligne nette qui s\u2019int\u00e8gre bien dans un int\u00e9rieur moderne. Le meuble est livr\u00e9 avec un pi\u00e9tement m\u00e9tallique ton sur ton. Un pi\u00e9tement coloris graphite est disponible en option. L\u2019agencement avec deux portes, trois tiroirs et deux niches ouvertes avec \u00e9clairage LED int\u00e9gr\u00e9 rend ce buffet pratique \u00e0 l\u2019usage. \u00c9galement disponible en coloris cr\u00e8me.<\/p>\n","protected":false},"excerpt":{"rendered":"<p>Trentino, Buffet 210 cm. &#8211; 2 portes + 3 tiroirs + 2 pinces &#8211; Olive<\/p>\n","protected":false},"featured_media":1007010,"comment_status":"open","ping_status":"open","template":"","meta":{"_relevanssi_hide_post":"","_relevanssi_hide_content":"","_relevanssi_pin_for_all":"","_relevanssi_pin_keywords":"","_relevanssi_unpin_keywords":"","_relevanssi_related_keywords":"","_relevanssi_related_include_ids":"","_relevanssi_related_exclude_ids":"","_relevanssi_related_no_append":"","_relevanssi_related_not_related":"","_relevanssi_related_posts":"","_relevanssi_noindex_reason":""},"product_brand":[],"product_cat":[1377],"product_tag":[],"class_list":["post-869349","product","type-product","status-publish","has-post-thumbnail","product_cat-dressoirs_fr_BE","first","onbackorder","taxable","shipping-taxable","purchasable","product-type-simple"],"_links":{"self":[{"href":"https:\/\/www.moensmeubelen.be\/fr\/wp-json\/wp\/v2\/product\/869349","targetHints":{"allow":["GET"]}}],"collection":[{"href":"https:\/\/www.moensmeubelen.be\/fr\/wp-json\/wp\/v2\/product"}],"about":[{"href":"https:\/\/www.moensmeubelen.be\/fr\/wp-json\/wp\/v2\/types\/product"}],"replies":[{"embeddable":true,"href":"https:\/\/www.moensmeubelen.be\/fr\/wp-json\/wp\/v2\/comments?post=869349"}],"wp:featuredmedia":[{"embeddable":true,"href":"https:\/\/www.moensmeubelen.be\/fr\/wp-json\/wp\/v2\/media\/1007010"}],"wp:attachment":[{"href":"https:\/\/www.moensmeubelen.be\/fr\/wp-json\/wp\/v2\/media?parent=869349"}],"wp:term":[{"taxonomy":"product_brand","embeddable":true,"href":"https:\/\/www.moensmeubelen.be\/fr\/wp-json\/wp\/v2\/product_brand?post=869349"},{"taxonomy":"product_cat","embeddable":true,"href":"https:\/\/www.moensmeubelen.be\/fr\/wp-json\/wp\/v2\/product_cat?post=869349"},{"taxonomy":"product_tag","embeddable":true,"href":"https:\/\/www.moensmeubelen.be\/fr\/wp-json\/wp\/v2\/product_tag?post=869349"}],"curies":[{"name":"wp","href":"https:\/\/api.w.org\/{rel}","templated":true}]}}