{"id":874015,"date":"2026-06-28T00:00:00","date_gmt":"2026-06-28T00:00:00","guid":{"rendered":"https:\/\/www.moensmeubelen.be\/product\/56553lsa-fr_be\/"},"modified":"2026-06-29T00:25:31","modified_gmt":"2026-06-28T22:25:31","slug":"56553LSA-fr_BE","status":"publish","type":"product","link":"https:\/\/www.moensmeubelen.be\/fr\/produit\/56553LSA-fr_BE\/","title":{"rendered":"Saluti, table ellipse 180 X 105 cm. &#8211; pied central &#8211; noir &#8211; Light sand"},"content":{"rendered":"<p>Cette table de salle \u00e0 manger SALUTI est \u00e9quip\u00e9e d\u2019un plateau elliptique de 180 x 105 cm, pos\u00e9 sur un pi\u00e9tement central m\u00e9tallique en coloris off-black. Le plateau est r\u00e9alis\u00e9 en MDF de haute qualit\u00e9 avec un rev\u00eatement Primo Laminato (HPL) finition effet pierre coloris light sand. Ce mat\u00e9riau est r\u00e9sistant aux rayures et supporte des temp\u00e9ratures \u00e9lev\u00e9es. Gr\u00e2ce \u00e0 sa forme elliptique, la table est agr\u00e9able \u00e0 utiliser et il est confortable de s\u2019y installer.<\/p>\n","protected":false},"excerpt":{"rendered":"<p>Saluti, table ellipse 180 X 105 cm. &#8211; pied central &#8211; noir &#8211; Light sand<\/p>\n","protected":false},"featured_media":1012036,"comment_status":"open","ping_status":"open","template":"","meta":{"_relevanssi_hide_post":"","_relevanssi_hide_content":"","_relevanssi_pin_for_all":"","_relevanssi_pin_keywords":"","_relevanssi_unpin_keywords":"","_relevanssi_related_keywords":"","_relevanssi_related_include_ids":"","_relevanssi_related_exclude_ids":"","_relevanssi_related_no_append":"","_relevanssi_related_not_related":"","_relevanssi_related_posts":"","_relevanssi_noindex_reason":""},"product_brand":[],"product_cat":[1315],"product_tag":[],"class_list":["post-874015","product","type-product","status-publish","has-post-thumbnail","product_cat-eettafels_fr_BE","first","onbackorder","sale","taxable","shipping-taxable","purchasable","product-type-simple"],"_links":{"self":[{"href":"https:\/\/www.moensmeubelen.be\/fr\/wp-json\/wp\/v2\/product\/874015","targetHints":{"allow":["GET"]}}],"collection":[{"href":"https:\/\/www.moensmeubelen.be\/fr\/wp-json\/wp\/v2\/product"}],"about":[{"href":"https:\/\/www.moensmeubelen.be\/fr\/wp-json\/wp\/v2\/types\/product"}],"replies":[{"embeddable":true,"href":"https:\/\/www.moensmeubelen.be\/fr\/wp-json\/wp\/v2\/comments?post=874015"}],"wp:featuredmedia":[{"embeddable":true,"href":"https:\/\/www.moensmeubelen.be\/fr\/wp-json\/wp\/v2\/media\/1012036"}],"wp:attachment":[{"href":"https:\/\/www.moensmeubelen.be\/fr\/wp-json\/wp\/v2\/media?parent=874015"}],"wp:term":[{"taxonomy":"product_brand","embeddable":true,"href":"https:\/\/www.moensmeubelen.be\/fr\/wp-json\/wp\/v2\/product_brand?post=874015"},{"taxonomy":"product_cat","embeddable":true,"href":"https:\/\/www.moensmeubelen.be\/fr\/wp-json\/wp\/v2\/product_cat?post=874015"},{"taxonomy":"product_tag","embeddable":true,"href":"https:\/\/www.moensmeubelen.be\/fr\/wp-json\/wp\/v2\/product_tag?post=874015"}],"curies":[{"name":"wp","href":"https:\/\/api.w.org\/{rel}","templated":true}]}}