{"id":881097,"date":"2026-07-23T00:00:00","date_gmt":"2026-07-23T00:00:00","guid":{"rendered":"https:\/\/www.moensmeubelen.be\/product\/55130kie-fr_be\/"},"modified":"2026-07-23T09:23:30","modified_gmt":"2026-07-23T07:23:30","slug":"55130KIE-fr_BE","status":"publish","type":"product","link":"https:\/\/www.moensmeubelen.be\/fr\/produit\/55130KIE-fr_BE\/","title":{"rendered":"Theros, Fauteuil 4 pieds ch\u00eane naturel &#8211; pivotant &#8211; tissu oregon\/s\u00e9ville &#8211; Caillou"},"content":{"rendered":"<p>Le fauteuil de salle \u00e0 manger Theros associe confort et \u00e9l\u00e9gance naturelle. Son assise moelleuse et ses accoudoirs permettent de rester confortablement install\u00e9, m\u00eame pendant les longs repas. L\u2019association du tissu chenille Sevilla et du tissu Oregon lui conf\u00e8re une texture riche et une allure chaleureuse, tandis que la teinte Galet cr\u00e9e une base sobre et intemporelle qui s\u2019int\u00e8gre facilement dans tous les int\u00e9rieurs. Son pi\u00e8tement pivotant en ch\u00eane facilite les mouvements \u00e0 table et le syst\u00e8me relax disponible en option apporte un confort suppl\u00e9mentaire. Theros est propos\u00e9 dans diff\u00e9rents coloris et finitions, afin de trouver facilement le mod\u00e8le id\u00e9al pour votre espace repas.<\/p>\n","protected":false},"excerpt":{"rendered":"<p>Theros, Fauteuil 4 pieds ch\u00eane naturel &#8211; pivotant &#8211; tissu oregon\/s\u00e9ville &#8211; Caillou<\/p>\n","protected":false},"featured_media":1035550,"comment_status":"open","ping_status":"open","template":"","meta":{"_relevanssi_hide_post":"","_relevanssi_hide_content":"","_relevanssi_pin_for_all":"","_relevanssi_pin_keywords":"","_relevanssi_unpin_keywords":"","_relevanssi_related_keywords":"","_relevanssi_related_include_ids":"","_relevanssi_related_exclude_ids":"","_relevanssi_related_no_append":"","_relevanssi_related_not_related":"","_relevanssi_related_posts":"","_relevanssi_noindex_reason":""},"product_brand":[],"product_cat":[24145],"product_tag":[],"class_list":["post-881097","product","type-product","status-publish","has-post-thumbnail","product_cat-Armstoelen_fr_BE","first","onbackorder","taxable","shipping-taxable","purchasable","product-type-simple"],"_links":{"self":[{"href":"https:\/\/www.moensmeubelen.be\/fr\/wp-json\/wp\/v2\/product\/881097","targetHints":{"allow":["GET"]}}],"collection":[{"href":"https:\/\/www.moensmeubelen.be\/fr\/wp-json\/wp\/v2\/product"}],"about":[{"href":"https:\/\/www.moensmeubelen.be\/fr\/wp-json\/wp\/v2\/types\/product"}],"replies":[{"embeddable":true,"href":"https:\/\/www.moensmeubelen.be\/fr\/wp-json\/wp\/v2\/comments?post=881097"}],"wp:featuredmedia":[{"embeddable":true,"href":"https:\/\/www.moensmeubelen.be\/fr\/wp-json\/wp\/v2\/media\/1035550"}],"wp:attachment":[{"href":"https:\/\/www.moensmeubelen.be\/fr\/wp-json\/wp\/v2\/media?parent=881097"}],"wp:term":[{"taxonomy":"product_brand","embeddable":true,"href":"https:\/\/www.moensmeubelen.be\/fr\/wp-json\/wp\/v2\/product_brand?post=881097"},{"taxonomy":"product_cat","embeddable":true,"href":"https:\/\/www.moensmeubelen.be\/fr\/wp-json\/wp\/v2\/product_cat?post=881097"},{"taxonomy":"product_tag","embeddable":true,"href":"https:\/\/www.moensmeubelen.be\/fr\/wp-json\/wp\/v2\/product_tag?post=881097"}],"curies":[{"name":"wp","href":"https:\/\/api.w.org\/{rel}","templated":true}]}}