{"id":882545,"date":"2026-06-28T00:00:00","date_gmt":"2026-06-28T00:00:00","guid":{"rendered":"https:\/\/www.moensmeubelen.be\/product\/52973cre-fr_be\/"},"modified":"2026-06-28T22:45:12","modified_gmt":"2026-06-28T20:45:12","slug":"52973CRE-fr_BE","status":"publish","type":"product","link":"https:\/\/www.moensmeubelen.be\/fr\/produit\/52973CRE-fr_BE\/","title":{"rendered":"Denver, Canap\u00e9 3 places &#8211; Tissu Livigno &#8211; Creme"},"content":{"rendered":"<p>Ce canap\u00e9 DENVER 3 places montre \u00e0 quel point design minimaliste et confort peuvent aller de pair. Les lignes \u00e9pur\u00e9es sont associ\u00e9es \u00e0 des coussins de dossier confortables et \u00e0 une assise avec ressorts ensach\u00e9s. Le tissu chenille Livigno cr\u00e8me et les pieds design de 13 cm cr\u00e9ent une ambiance calme qui s\u2019adapte \u00e0 de nombreux styles d\u2019int\u00e9rieur.<\/p>\n","protected":false},"excerpt":{"rendered":"<p>Denver, Canap\u00e9 3 places &#8211; Tissu Livigno &#8211; Creme &#8211; Confort d\\&#8217;assise avec ressorts ensach\u00e9s, Design minimaliste<\/p>\n","protected":false},"featured_media":1007292,"comment_status":"open","ping_status":"open","template":"","meta":{"_relevanssi_hide_post":"","_relevanssi_hide_content":"","_relevanssi_pin_for_all":"","_relevanssi_pin_keywords":"","_relevanssi_unpin_keywords":"","_relevanssi_related_keywords":"","_relevanssi_related_include_ids":"","_relevanssi_related_exclude_ids":"","_relevanssi_related_no_append":"","_relevanssi_related_not_related":"","_relevanssi_related_posts":"","_relevanssi_noindex_reason":""},"product_brand":[],"product_cat":[5647],"product_tag":[],"class_list":["post-882545","product","type-product","status-publish","has-post-thumbnail","product_cat-zetels_l2_fr_BE","first","onbackorder","taxable","shipping-taxable","purchasable","product-type-simple"],"_links":{"self":[{"href":"https:\/\/www.moensmeubelen.be\/fr\/wp-json\/wp\/v2\/product\/882545","targetHints":{"allow":["GET"]}}],"collection":[{"href":"https:\/\/www.moensmeubelen.be\/fr\/wp-json\/wp\/v2\/product"}],"about":[{"href":"https:\/\/www.moensmeubelen.be\/fr\/wp-json\/wp\/v2\/types\/product"}],"replies":[{"embeddable":true,"href":"https:\/\/www.moensmeubelen.be\/fr\/wp-json\/wp\/v2\/comments?post=882545"}],"wp:featuredmedia":[{"embeddable":true,"href":"https:\/\/www.moensmeubelen.be\/fr\/wp-json\/wp\/v2\/media\/1007292"}],"wp:attachment":[{"href":"https:\/\/www.moensmeubelen.be\/fr\/wp-json\/wp\/v2\/media?parent=882545"}],"wp:term":[{"taxonomy":"product_brand","embeddable":true,"href":"https:\/\/www.moensmeubelen.be\/fr\/wp-json\/wp\/v2\/product_brand?post=882545"},{"taxonomy":"product_cat","embeddable":true,"href":"https:\/\/www.moensmeubelen.be\/fr\/wp-json\/wp\/v2\/product_cat?post=882545"},{"taxonomy":"product_tag","embeddable":true,"href":"https:\/\/www.moensmeubelen.be\/fr\/wp-json\/wp\/v2\/product_tag?post=882545"}],"curies":[{"name":"wp","href":"https:\/\/api.w.org\/{rel}","templated":true}]}}