{"id":882577,"date":"2026-06-28T00:00:00","date_gmt":"2026-06-28T00:00:00","guid":{"rendered":"https:\/\/www.moensmeubelen.be\/product\/52975cre-fr_be\/"},"modified":"2026-06-28T22:45:42","modified_gmt":"2026-06-28T20:45:42","slug":"52975CRE-fr_BE","status":"publish","type":"product","link":"https:\/\/www.moensmeubelen.be\/fr\/produit\/52975CRE-fr_BE\/","title":{"rendered":"Denver, Canap\u00e9 2 places &#8211; Tissu Livigno &#8211; Creme"},"content":{"rendered":"<p>Ce canap\u00e9 2 places compact de la gamme DENVER associe look \u00e9pur\u00e9 et confort surprenant.<br \/>\nLes coussins de dossier moelleux et la suspension \u00e0 ressorts ensach\u00e9s assurent un excellent confort d\u2019assise. Habill\u00e9 de tissu chenille Livigno cr\u00e8me et reposant sur des pieds design de 13 cm, ce canap\u00e9 s\u2019adapte \u00e0 de nombreux styles d\u2019int\u00e9rieur.<\/p>\n","protected":false},"excerpt":{"rendered":"<p>Denver, Canap\u00e9 2 places &#8211; Tissu Livigno &#8211; Creme &#8211; Confort d\\&#8217;assise avec ressorts ensach\u00e9s, Design minimaliste<\/p>\n","protected":false},"featured_media":1007308,"comment_status":"open","ping_status":"open","template":"","meta":{"_relevanssi_hide_post":"","_relevanssi_hide_content":"","_relevanssi_pin_for_all":"","_relevanssi_pin_keywords":"","_relevanssi_unpin_keywords":"","_relevanssi_related_keywords":"","_relevanssi_related_include_ids":"","_relevanssi_related_exclude_ids":"","_relevanssi_related_no_append":"","_relevanssi_related_not_related":"","_relevanssi_related_posts":"","_relevanssi_noindex_reason":""},"product_brand":[],"product_cat":[5647],"product_tag":[],"class_list":["post-882577","product","type-product","status-publish","has-post-thumbnail","product_cat-zetels_l2_fr_BE","first","onbackorder","taxable","shipping-taxable","purchasable","product-type-simple"],"_links":{"self":[{"href":"https:\/\/www.moensmeubelen.be\/fr\/wp-json\/wp\/v2\/product\/882577","targetHints":{"allow":["GET"]}}],"collection":[{"href":"https:\/\/www.moensmeubelen.be\/fr\/wp-json\/wp\/v2\/product"}],"about":[{"href":"https:\/\/www.moensmeubelen.be\/fr\/wp-json\/wp\/v2\/types\/product"}],"replies":[{"embeddable":true,"href":"https:\/\/www.moensmeubelen.be\/fr\/wp-json\/wp\/v2\/comments?post=882577"}],"wp:featuredmedia":[{"embeddable":true,"href":"https:\/\/www.moensmeubelen.be\/fr\/wp-json\/wp\/v2\/media\/1007308"}],"wp:attachment":[{"href":"https:\/\/www.moensmeubelen.be\/fr\/wp-json\/wp\/v2\/media?parent=882577"}],"wp:term":[{"taxonomy":"product_brand","embeddable":true,"href":"https:\/\/www.moensmeubelen.be\/fr\/wp-json\/wp\/v2\/product_brand?post=882577"},{"taxonomy":"product_cat","embeddable":true,"href":"https:\/\/www.moensmeubelen.be\/fr\/wp-json\/wp\/v2\/product_cat?post=882577"},{"taxonomy":"product_tag","embeddable":true,"href":"https:\/\/www.moensmeubelen.be\/fr\/wp-json\/wp\/v2\/product_tag?post=882577"}],"curies":[{"name":"wp","href":"https:\/\/api.w.org\/{rel}","templated":true}]}}