{"id":882601,"date":"2026-06-28T00:00:00","date_gmt":"2026-06-28T00:00:00","guid":{"rendered":"https:\/\/www.moensmeubelen.be\/product\/52976gry-fr_be\/"},"modified":"2026-06-28T22:46:03","modified_gmt":"2026-06-28T20:46:03","slug":"52976GRY-fr_BE","status":"publish","type":"product","link":"https:\/\/www.moensmeubelen.be\/fr\/produit\/52976GRY-fr_BE\/","title":{"rendered":"Denver, Pouf &#8211; Tissu Livigno &#8211; Gris"},"content":{"rendered":"<p>Le pouf DENVER 80 \u00d7 60 cm vous offre un confort et une flexibilit\u00e9 suppl\u00e9mentaires dans votre espace salon. Utilisez-le comme repose-pieds ou comme si\u00e8ge d\u2019appoint. Son design \u00e9pur\u00e9 le rend facile \u00e0 associer et \u00e0 d\u00e9placer librement dans la pi\u00e8ce. Le tissu chenille Livigno gris et les pieds design de 13 cm renforcent son look l\u00e9ger et minimaliste.<\/p>\n","protected":false},"excerpt":{"rendered":"<p>Denver, Pouf &#8211; Tissu Livigno &#8211; Gris<\/p>\n","protected":false},"featured_media":1007320,"comment_status":"open","ping_status":"open","template":"","meta":{"_relevanssi_hide_post":"","_relevanssi_hide_content":"","_relevanssi_pin_for_all":"","_relevanssi_pin_keywords":"","_relevanssi_unpin_keywords":"","_relevanssi_related_keywords":"","_relevanssi_related_include_ids":"","_relevanssi_related_exclude_ids":"","_relevanssi_related_no_append":"","_relevanssi_related_not_related":"","_relevanssi_related_posts":"","_relevanssi_noindex_reason":""},"product_brand":[],"product_cat":[1329],"product_tag":[],"class_list":["post-882601","product","type-product","status-publish","has-post-thumbnail","product_cat-poefs_fr_BE","first","onbackorder","taxable","shipping-taxable","purchasable","product-type-simple"],"_links":{"self":[{"href":"https:\/\/www.moensmeubelen.be\/fr\/wp-json\/wp\/v2\/product\/882601","targetHints":{"allow":["GET"]}}],"collection":[{"href":"https:\/\/www.moensmeubelen.be\/fr\/wp-json\/wp\/v2\/product"}],"about":[{"href":"https:\/\/www.moensmeubelen.be\/fr\/wp-json\/wp\/v2\/types\/product"}],"replies":[{"embeddable":true,"href":"https:\/\/www.moensmeubelen.be\/fr\/wp-json\/wp\/v2\/comments?post=882601"}],"wp:featuredmedia":[{"embeddable":true,"href":"https:\/\/www.moensmeubelen.be\/fr\/wp-json\/wp\/v2\/media\/1007320"}],"wp:attachment":[{"href":"https:\/\/www.moensmeubelen.be\/fr\/wp-json\/wp\/v2\/media?parent=882601"}],"wp:term":[{"taxonomy":"product_brand","embeddable":true,"href":"https:\/\/www.moensmeubelen.be\/fr\/wp-json\/wp\/v2\/product_brand?post=882601"},{"taxonomy":"product_cat","embeddable":true,"href":"https:\/\/www.moensmeubelen.be\/fr\/wp-json\/wp\/v2\/product_cat?post=882601"},{"taxonomy":"product_tag","embeddable":true,"href":"https:\/\/www.moensmeubelen.be\/fr\/wp-json\/wp\/v2\/product_tag?post=882601"}],"curies":[{"name":"wp","href":"https:\/\/api.w.org\/{rel}","templated":true}]}}