{"id":882641,"date":"2026-04-27T00:00:00","date_gmt":"2026-04-27T00:00:00","guid":{"rendered":"https:\/\/www.moensmeubelen.be\/product\/54100001-fr_be\/"},"modified":"2026-04-27T17:07:36","modified_gmt":"2026-04-27T15:07:36","slug":"54100001-fr_BE","status":"publish","type":"product","link":"https:\/\/www.moensmeubelen.be\/fr\/produit\/54100001-fr_BE\/","title":{"rendered":"Pertina, 3-places"},"content":{"rendered":"<p>Le canap\u00e9 3 places Pertina allie confort et style et s\\&#8217;adapte facilement \u00e0 vos besoins gr\u00e2ce \u00e0 ses nombreuses options de tissus et de couleurs. Les appuie-t\u00eates r\u00e9glables vous offrent un soutien suppl\u00e9mentaire lorsque vous en avez besoin. Choisissez entre des accoudoirs fixes ou flexibles, ces derniers \u00e9tant r\u00e9glables pour encore plus de confort. Pour ceux qui aiment un confort d\\&#8217;assise ferme et r\u00e9silient, il est possible d\\&#8217;opter pour des ressorts ensach\u00e9s. Vous pouvez compl\u00e9ter le canap\u00e9 en choisissant entre deux hauteurs de pieds diff\u00e9rentes, ce qui vous garantit un confort d\\&#8217;assise \u00e0 votre go\u00fbt et un look parfait dans votre int\u00e9rieur.<\/p>\n","protected":false},"excerpt":{"rendered":"<p>Pertina, 3-places<\/p>\n","protected":false},"featured_media":959310,"comment_status":"open","ping_status":"open","template":"","meta":{"_relevanssi_hide_post":"","_relevanssi_hide_content":"","_relevanssi_pin_for_all":"","_relevanssi_pin_keywords":"","_relevanssi_unpin_keywords":"","_relevanssi_related_keywords":"","_relevanssi_related_include_ids":"","_relevanssi_related_exclude_ids":"","_relevanssi_related_no_append":"","_relevanssi_related_not_related":"","_relevanssi_related_posts":"","_relevanssi_noindex_reason":""},"product_brand":[],"product_cat":[5647],"product_tag":[],"class_list":["post-882641","product","type-product","status-publish","has-post-thumbnail","product_cat-zetels_l2_fr_BE","first","onbackorder","taxable","shipping-taxable","purchasable","product-type-simple"],"_links":{"self":[{"href":"https:\/\/www.moensmeubelen.be\/fr\/wp-json\/wp\/v2\/product\/882641","targetHints":{"allow":["GET"]}}],"collection":[{"href":"https:\/\/www.moensmeubelen.be\/fr\/wp-json\/wp\/v2\/product"}],"about":[{"href":"https:\/\/www.moensmeubelen.be\/fr\/wp-json\/wp\/v2\/types\/product"}],"replies":[{"embeddable":true,"href":"https:\/\/www.moensmeubelen.be\/fr\/wp-json\/wp\/v2\/comments?post=882641"}],"wp:featuredmedia":[{"embeddable":true,"href":"https:\/\/www.moensmeubelen.be\/fr\/wp-json\/wp\/v2\/media\/959310"}],"wp:attachment":[{"href":"https:\/\/www.moensmeubelen.be\/fr\/wp-json\/wp\/v2\/media?parent=882641"}],"wp:term":[{"taxonomy":"product_brand","embeddable":true,"href":"https:\/\/www.moensmeubelen.be\/fr\/wp-json\/wp\/v2\/product_brand?post=882641"},{"taxonomy":"product_cat","embeddable":true,"href":"https:\/\/www.moensmeubelen.be\/fr\/wp-json\/wp\/v2\/product_cat?post=882641"},{"taxonomy":"product_tag","embeddable":true,"href":"https:\/\/www.moensmeubelen.be\/fr\/wp-json\/wp\/v2\/product_tag?post=882641"}],"curies":[{"name":"wp","href":"https:\/\/api.w.org\/{rel}","templated":true}]}}