{"id":882649,"date":"2026-04-27T00:00:00","date_gmt":"2026-04-27T00:00:00","guid":{"rendered":"https:\/\/www.moensmeubelen.be\/product\/54101001-fr_be\/"},"modified":"2026-04-27T17:07:41","modified_gmt":"2026-04-27T15:07:41","slug":"54101001-fr_BE","status":"publish","type":"product","link":"https:\/\/www.moensmeubelen.be\/fr\/produit\/54101001-fr_BE\/","title":{"rendered":"Pertina, 2.5-places"},"content":{"rendered":"<p><span id=\\\"_mce_caret\\\" data-mce-bogus=\\\"1\\\" data-mce-type=\\\"format-caret\\\">Le canap\u00e9 Pertina 2,5 places est un choix judicieux pour ceux qui cherchent \u00e0 la fois confort, style et fonctionnalit\u00e9. Ce canap\u00e9 est disponible dans une multitude de tissus et de couleurs, vous permettant ainsi de toujours trouver une variante qui s\\&#8217;harmonise avec votre int\u00e9rieur. Le canap\u00e9 est \u00e9quip\u00e9 d\\&#8217;appuie-t\u00eated r\u00e9glables, qui offrent un soutien et un confort suppl\u00e9mentaires. Les accoudoirs r\u00e9glables et les ressorts ensach\u00e9s en option offrent un confort suppl\u00e9mentaire sur mesure, tandis que le choix entre deux hauteurs de pieds vous permet d\\&#8217;adapter enti\u00e8rement le confort d\\&#8217;assise et l\\&#8217;apparence du canap\u00e9 \u00e0 vos souhaits. Ce qui rend ce canap\u00e9 2,5 places si sp\u00e9cial, c\\&#8217;est l\\&#8217;option lounge qui vous permet d\\&#8217;allonger la partie assise. Vous cr\u00e9ez ainsi en un clin d\\&#8217;\u0153il un endroit confortable pour vous d\u00e9tendre ou m\u00eame dormir.<\/span><\/p>\n","protected":false},"excerpt":{"rendered":"<p>Pertina, 2.5-places<\/p>\n","protected":false},"featured_media":934292,"comment_status":"open","ping_status":"open","template":"","meta":{"_relevanssi_hide_post":"","_relevanssi_hide_content":"","_relevanssi_pin_for_all":"","_relevanssi_pin_keywords":"","_relevanssi_unpin_keywords":"","_relevanssi_related_keywords":"","_relevanssi_related_include_ids":"","_relevanssi_related_exclude_ids":"","_relevanssi_related_no_append":"","_relevanssi_related_not_related":"","_relevanssi_related_posts":"","_relevanssi_noindex_reason":""},"product_brand":[],"product_cat":[5647],"product_tag":[],"class_list":["post-882649","product","type-product","status-publish","has-post-thumbnail","product_cat-zetels_l2_fr_BE","first","onbackorder","taxable","shipping-taxable","purchasable","product-type-simple"],"_links":{"self":[{"href":"https:\/\/www.moensmeubelen.be\/fr\/wp-json\/wp\/v2\/product\/882649","targetHints":{"allow":["GET"]}}],"collection":[{"href":"https:\/\/www.moensmeubelen.be\/fr\/wp-json\/wp\/v2\/product"}],"about":[{"href":"https:\/\/www.moensmeubelen.be\/fr\/wp-json\/wp\/v2\/types\/product"}],"replies":[{"embeddable":true,"href":"https:\/\/www.moensmeubelen.be\/fr\/wp-json\/wp\/v2\/comments?post=882649"}],"wp:featuredmedia":[{"embeddable":true,"href":"https:\/\/www.moensmeubelen.be\/fr\/wp-json\/wp\/v2\/media\/934292"}],"wp:attachment":[{"href":"https:\/\/www.moensmeubelen.be\/fr\/wp-json\/wp\/v2\/media?parent=882649"}],"wp:term":[{"taxonomy":"product_brand","embeddable":true,"href":"https:\/\/www.moensmeubelen.be\/fr\/wp-json\/wp\/v2\/product_brand?post=882649"},{"taxonomy":"product_cat","embeddable":true,"href":"https:\/\/www.moensmeubelen.be\/fr\/wp-json\/wp\/v2\/product_cat?post=882649"},{"taxonomy":"product_tag","embeddable":true,"href":"https:\/\/www.moensmeubelen.be\/fr\/wp-json\/wp\/v2\/product_tag?post=882649"}],"curies":[{"name":"wp","href":"https:\/\/api.w.org\/{rel}","templated":true}]}}