{"id":882669,"date":"2026-06-28T00:00:00","date_gmt":"2026-06-28T00:00:00","guid":{"rendered":"https:\/\/www.moensmeubelen.be\/product\/55975tzo-fr_be\/"},"modified":"2026-06-28T23:49:44","modified_gmt":"2026-06-28T21:49:44","slug":"55975TZO-fr_BE","status":"publish","type":"product","link":"https:\/\/www.moensmeubelen.be\/fr\/produit\/55975TZO-fr_BE\/","title":{"rendered":"Rota, table basse 115 x 60 cm &#8211; c\u00e9ramique Terrazzo"},"content":{"rendered":"<p>La table basse ROTA poss\u00e8de un plateau en c\u00e9ramique avec motif terrazzo et une forme organique. Le pi\u00e9tement en m\u00e9tal couleur cr\u00e8me, compos\u00e9 de tubes fins aux lignes carr\u00e9es, apporte une impression l\u00e9g\u00e8re. Gr\u00e2ce \u00e0 l\u2019harmonie des couleurs et des mat\u00e9riaux, cette table basse s\u2019int\u00e8gre facilement dans diff\u00e9rents int\u00e9rieurs et se combine parfaitement avec la table d\u2019appoint de la s\u00e9rie ROTA.<\/p>\n","protected":false},"excerpt":{"rendered":"<p>Rota, table basse 115 x 60 cm &#8211; c\u00e9ramique Terrazzo<\/p>\n","protected":false},"featured_media":1010552,"comment_status":"open","ping_status":"open","template":"","meta":{"_relevanssi_hide_post":"","_relevanssi_hide_content":"","_relevanssi_pin_for_all":"","_relevanssi_pin_keywords":"","_relevanssi_unpin_keywords":"","_relevanssi_related_keywords":"","_relevanssi_related_include_ids":"","_relevanssi_related_exclude_ids":"","_relevanssi_related_no_append":"","_relevanssi_related_not_related":"","_relevanssi_related_posts":"","_relevanssi_noindex_reason":""},"product_brand":[],"product_cat":[1385],"product_tag":[],"class_list":["post-882669","product","type-product","status-publish","has-post-thumbnail","product_cat-salontafels_fr_be","first","onbackorder","taxable","shipping-taxable","purchasable","product-type-simple"],"_links":{"self":[{"href":"https:\/\/www.moensmeubelen.be\/fr\/wp-json\/wp\/v2\/product\/882669","targetHints":{"allow":["GET"]}}],"collection":[{"href":"https:\/\/www.moensmeubelen.be\/fr\/wp-json\/wp\/v2\/product"}],"about":[{"href":"https:\/\/www.moensmeubelen.be\/fr\/wp-json\/wp\/v2\/types\/product"}],"replies":[{"embeddable":true,"href":"https:\/\/www.moensmeubelen.be\/fr\/wp-json\/wp\/v2\/comments?post=882669"}],"wp:featuredmedia":[{"embeddable":true,"href":"https:\/\/www.moensmeubelen.be\/fr\/wp-json\/wp\/v2\/media\/1010552"}],"wp:attachment":[{"href":"https:\/\/www.moensmeubelen.be\/fr\/wp-json\/wp\/v2\/media?parent=882669"}],"wp:term":[{"taxonomy":"product_brand","embeddable":true,"href":"https:\/\/www.moensmeubelen.be\/fr\/wp-json\/wp\/v2\/product_brand?post=882669"},{"taxonomy":"product_cat","embeddable":true,"href":"https:\/\/www.moensmeubelen.be\/fr\/wp-json\/wp\/v2\/product_cat?post=882669"},{"taxonomy":"product_tag","embeddable":true,"href":"https:\/\/www.moensmeubelen.be\/fr\/wp-json\/wp\/v2\/product_tag?post=882669"}],"curies":[{"name":"wp","href":"https:\/\/api.w.org\/{rel}","templated":true}]}}