{"id":882677,"date":"2026-06-28T00:00:00","date_gmt":"2026-06-28T00:00:00","guid":{"rendered":"https:\/\/www.moensmeubelen.be\/product\/55976tzo-fr_be\/"},"modified":"2026-06-28T23:49:52","modified_gmt":"2026-06-28T21:49:52","slug":"55976TZO-fr_BE","status":"publish","type":"product","link":"https:\/\/www.moensmeubelen.be\/fr\/produit\/55976TZO-fr_BE\/","title":{"rendered":"Rota, table d\\&#8217;appoint 71,5 x 40 cm &#8211; c\u00e9ramique Terrazzo"},"content":{"rendered":"<p>La table d\u2019appoint ROTA est dot\u00e9e d\u2019un plateau en c\u00e9ramique avec motif terrazzo et d\u2019une forme organique aux lignes arrondies. Le pi\u00e9tement en m\u00e9tal couleur cr\u00e8me est r\u00e9alis\u00e9 en tubes fins \u00e0 structure carr\u00e9e, cr\u00e9ant un contraste \u00e9quilibr\u00e9. Gr\u00e2ce \u00e0 ses teintes neutres et \u00e0 l\u2019association des mat\u00e9riaux, cette table se combine facilement avec diff\u00e9rents styles d\u2019int\u00e9rieur ou avec la table basse ROTA.<\/p>\n","protected":false},"excerpt":{"rendered":"<p>Rota, table d\\&#8217;appoint 71,5 x 40 cm &#8211; c\u00e9ramique Terrazzo<\/p>\n","protected":false},"featured_media":1010558,"comment_status":"open","ping_status":"open","template":"","meta":{"_relevanssi_hide_post":"","_relevanssi_hide_content":"","_relevanssi_pin_for_all":"","_relevanssi_pin_keywords":"","_relevanssi_unpin_keywords":"","_relevanssi_related_keywords":"","_relevanssi_related_include_ids":"","_relevanssi_related_exclude_ids":"","_relevanssi_related_no_append":"","_relevanssi_related_not_related":"","_relevanssi_related_posts":"","_relevanssi_noindex_reason":""},"product_brand":[],"product_cat":[5643],"product_tag":[],"class_list":["post-882677","product","type-product","status-publish","has-post-thumbnail","product_cat-bijzettafels_fr_BE","first","onbackorder","taxable","shipping-taxable","purchasable","product-type-simple"],"_links":{"self":[{"href":"https:\/\/www.moensmeubelen.be\/fr\/wp-json\/wp\/v2\/product\/882677","targetHints":{"allow":["GET"]}}],"collection":[{"href":"https:\/\/www.moensmeubelen.be\/fr\/wp-json\/wp\/v2\/product"}],"about":[{"href":"https:\/\/www.moensmeubelen.be\/fr\/wp-json\/wp\/v2\/types\/product"}],"replies":[{"embeddable":true,"href":"https:\/\/www.moensmeubelen.be\/fr\/wp-json\/wp\/v2\/comments?post=882677"}],"wp:featuredmedia":[{"embeddable":true,"href":"https:\/\/www.moensmeubelen.be\/fr\/wp-json\/wp\/v2\/media\/1010558"}],"wp:attachment":[{"href":"https:\/\/www.moensmeubelen.be\/fr\/wp-json\/wp\/v2\/media?parent=882677"}],"wp:term":[{"taxonomy":"product_brand","embeddable":true,"href":"https:\/\/www.moensmeubelen.be\/fr\/wp-json\/wp\/v2\/product_brand?post=882677"},{"taxonomy":"product_cat","embeddable":true,"href":"https:\/\/www.moensmeubelen.be\/fr\/wp-json\/wp\/v2\/product_cat?post=882677"},{"taxonomy":"product_tag","embeddable":true,"href":"https:\/\/www.moensmeubelen.be\/fr\/wp-json\/wp\/v2\/product_tag?post=882677"}],"curies":[{"name":"wp","href":"https:\/\/api.w.org\/{rel}","templated":true}]}}