{"id":882693,"date":"2026-06-28T00:00:00","date_gmt":"2026-06-28T00:00:00","guid":{"rendered":"https:\/\/www.moensmeubelen.be\/product\/56500lav-fr_be\/"},"modified":"2026-06-28T23:59:19","modified_gmt":"2026-06-28T21:59:19","slug":"56500LAV-fr_BE","status":"publish","type":"product","link":"https:\/\/www.moensmeubelen.be\/fr\/produit\/56500LAV-fr_BE\/","title":{"rendered":"Saluti, table ovale 240 x 110 cm. &#8211; 4 pieds &#8211; cr\u00e8me &#8211; Lava"},"content":{"rendered":"<p>Cette table de salle \u00e0 manger SALUTI est dot\u00e9e d\u2019un plateau ovale de 240 x 110 cm, pos\u00e9 sur un pi\u00e9tement m\u00e9tallique \u00e0 4 pieds en coloris cr\u00e8me. Le plateau est fabriqu\u00e9 en MDF de haute qualit\u00e9 avec un rev\u00eatement Primo Laminato (HPL) et une finition effet pierre lava. Ce mat\u00e9riau est r\u00e9sistant aux rayures, facile d\u2019entretien et supporte des temp\u00e9ratures \u00e9lev\u00e9es. Gr\u00e2ce \u00e0 sa forme ovale, chacun trouve facilement sa place autour de la table.<\/p>\n","protected":false},"excerpt":{"rendered":"<p>Saluti, table ovale 240 x 110 cm. &#8211; 4 pieds &#8211; cr\u00e8me &#8211; Lava<\/p>\n","protected":false},"featured_media":1010876,"comment_status":"open","ping_status":"open","template":"","meta":{"_relevanssi_hide_post":"","_relevanssi_hide_content":"","_relevanssi_pin_for_all":"","_relevanssi_pin_keywords":"","_relevanssi_unpin_keywords":"","_relevanssi_related_keywords":"","_relevanssi_related_include_ids":"","_relevanssi_related_exclude_ids":"","_relevanssi_related_no_append":"","_relevanssi_related_not_related":"","_relevanssi_related_posts":"","_relevanssi_noindex_reason":""},"product_brand":[],"product_cat":[1315],"product_tag":[],"class_list":["post-882693","product","type-product","status-publish","has-post-thumbnail","product_cat-eettafels_fr_BE","first","onbackorder","sale","taxable","shipping-taxable","purchasable","product-type-simple"],"_links":{"self":[{"href":"https:\/\/www.moensmeubelen.be\/fr\/wp-json\/wp\/v2\/product\/882693","targetHints":{"allow":["GET"]}}],"collection":[{"href":"https:\/\/www.moensmeubelen.be\/fr\/wp-json\/wp\/v2\/product"}],"about":[{"href":"https:\/\/www.moensmeubelen.be\/fr\/wp-json\/wp\/v2\/types\/product"}],"replies":[{"embeddable":true,"href":"https:\/\/www.moensmeubelen.be\/fr\/wp-json\/wp\/v2\/comments?post=882693"}],"wp:featuredmedia":[{"embeddable":true,"href":"https:\/\/www.moensmeubelen.be\/fr\/wp-json\/wp\/v2\/media\/1010876"}],"wp:attachment":[{"href":"https:\/\/www.moensmeubelen.be\/fr\/wp-json\/wp\/v2\/media?parent=882693"}],"wp:term":[{"taxonomy":"product_brand","embeddable":true,"href":"https:\/\/www.moensmeubelen.be\/fr\/wp-json\/wp\/v2\/product_brand?post=882693"},{"taxonomy":"product_cat","embeddable":true,"href":"https:\/\/www.moensmeubelen.be\/fr\/wp-json\/wp\/v2\/product_cat?post=882693"},{"taxonomy":"product_tag","embeddable":true,"href":"https:\/\/www.moensmeubelen.be\/fr\/wp-json\/wp\/v2\/product_tag?post=882693"}],"curies":[{"name":"wp","href":"https:\/\/api.w.org\/{rel}","templated":true}]}}