{"id":883085,"date":"2026-05-19T00:00:00","date_gmt":"2026-05-19T00:00:00","guid":{"rendered":"https:\/\/www.moensmeubelen.be\/product\/54513bas-fr_be\/"},"modified":"2026-05-19T11:26:40","modified_gmt":"2026-05-19T09:26:40","slug":"54513BAS-fr_BE","status":"publish","type":"product","link":"https:\/\/www.moensmeubelen.be\/fr\/produit\/54513BAS-fr_BE\/","title":{"rendered":"Gijon, meuble tv + partie haute 200 cm &#8211; 2-portes + 2-tiroirs + 2-niches + plinthe"},"content":{"rendered":"<p>Le meuble TV avec surmeuble de la collection Gijon apporte une dimension \u00e9l\u00e9gante et structur\u00e9e \u00e0 votre salon. Son design moderne aux lignes \u00e9pur\u00e9es et sa plinthe cr\u00e9ent une belle unit\u00e9, tandis que le placage ch\u00eane en basalte profond instaure une ambiance chaleureuse. L\u2019association de portes, tiroirs et niches ouvertes offre de nombreuses possibilit\u00e9s pour vos \u00e9quipements et accessoires. Les finitions soign\u00e9es et le syst\u00e8me soft-close assurent un confort d\u2019utilisation au quotidien. Cr\u00e9ez un ensemble harmonieux en l\u2019associant aux armoires Gijon pour une cinewall contemporaine.<\/p>\n","protected":false},"excerpt":{"rendered":"<p>Gijon, meuble tv + partie haute 200 cm &#8211; 2-portes + 2-tiroirs + 2-niches + plinthe<\/p>\n","protected":false},"featured_media":970627,"comment_status":"open","ping_status":"open","template":"","meta":{"_relevanssi_hide_post":"","_relevanssi_hide_content":"","_relevanssi_pin_for_all":"","_relevanssi_pin_keywords":"","_relevanssi_unpin_keywords":"","_relevanssi_related_keywords":"","_relevanssi_related_include_ids":"","_relevanssi_related_exclude_ids":"","_relevanssi_related_no_append":"","_relevanssi_related_not_related":"","_relevanssi_related_posts":"","_relevanssi_noindex_reason":""},"product_brand":[],"product_cat":[1321],"product_tag":[],"class_list":["post-883085","product","type-product","status-publish","has-post-thumbnail","product_cat-tv_meubels_fr_BE","first","onbackorder","taxable","shipping-taxable","purchasable","product-type-simple"],"_links":{"self":[{"href":"https:\/\/www.moensmeubelen.be\/fr\/wp-json\/wp\/v2\/product\/883085","targetHints":{"allow":["GET"]}}],"collection":[{"href":"https:\/\/www.moensmeubelen.be\/fr\/wp-json\/wp\/v2\/product"}],"about":[{"href":"https:\/\/www.moensmeubelen.be\/fr\/wp-json\/wp\/v2\/types\/product"}],"replies":[{"embeddable":true,"href":"https:\/\/www.moensmeubelen.be\/fr\/wp-json\/wp\/v2\/comments?post=883085"}],"wp:featuredmedia":[{"embeddable":true,"href":"https:\/\/www.moensmeubelen.be\/fr\/wp-json\/wp\/v2\/media\/970627"}],"wp:attachment":[{"href":"https:\/\/www.moensmeubelen.be\/fr\/wp-json\/wp\/v2\/media?parent=883085"}],"wp:term":[{"taxonomy":"product_brand","embeddable":true,"href":"https:\/\/www.moensmeubelen.be\/fr\/wp-json\/wp\/v2\/product_brand?post=883085"},{"taxonomy":"product_cat","embeddable":true,"href":"https:\/\/www.moensmeubelen.be\/fr\/wp-json\/wp\/v2\/product_cat?post=883085"},{"taxonomy":"product_tag","embeddable":true,"href":"https:\/\/www.moensmeubelen.be\/fr\/wp-json\/wp\/v2\/product_tag?post=883085"}],"curies":[{"name":"wp","href":"https:\/\/api.w.org\/{rel}","templated":true}]}}