{"id":883093,"date":"2026-05-19T00:00:00","date_gmt":"2026-05-19T00:00:00","guid":{"rendered":"https:\/\/www.moensmeubelen.be\/product\/54517bas-fr_be\/"},"modified":"2026-05-19T11:26:47","modified_gmt":"2026-05-19T09:26:47","slug":"54517BAS-fr_BE","status":"publish","type":"product","link":"https:\/\/www.moensmeubelen.be\/fr\/produit\/54517BAS-fr_BE\/","title":{"rendered":"Gijon, buffet 240 cm &#8211; 3-portes + 2-tiroirs + plinthe"},"content":{"rendered":"<p>Le buffet de la collection Gijon constitue une base spacieuse et \u00e9l\u00e9gante dans votre int\u00e9rieur. Son design \u00e9pur\u00e9 avec plinthe apporte du calme, tandis que le placage ch\u00eane en basalte ajoute chaleur et caract\u00e8re. Derri\u00e8re les portes et dans les tiroirs, vous rangez facilement vos affaires, et gr\u00e2ce au syst\u00e8me soft-close, tout se ferme en douceur et sans bruit. Vous profitez ainsi chaque jour d\u2019un int\u00e9rieur ordonn\u00e9 et chaleureux.<\/p>\n","protected":false},"excerpt":{"rendered":"<p>Gijon, buffet 240 cm &#8211; 3-portes + 2-tiroirs + plinthe<\/p>\n","protected":false},"featured_media":970633,"comment_status":"open","ping_status":"open","template":"","meta":{"_relevanssi_hide_post":"","_relevanssi_hide_content":"","_relevanssi_pin_for_all":"","_relevanssi_pin_keywords":"","_relevanssi_unpin_keywords":"","_relevanssi_related_keywords":"","_relevanssi_related_include_ids":"","_relevanssi_related_exclude_ids":"","_relevanssi_related_no_append":"","_relevanssi_related_not_related":"","_relevanssi_related_posts":"","_relevanssi_noindex_reason":""},"product_brand":[],"product_cat":[1377],"product_tag":[],"class_list":["post-883093","product","type-product","status-publish","has-post-thumbnail","product_cat-dressoirs_fr_BE","first","onbackorder","taxable","shipping-taxable","purchasable","product-type-simple"],"_links":{"self":[{"href":"https:\/\/www.moensmeubelen.be\/fr\/wp-json\/wp\/v2\/product\/883093","targetHints":{"allow":["GET"]}}],"collection":[{"href":"https:\/\/www.moensmeubelen.be\/fr\/wp-json\/wp\/v2\/product"}],"about":[{"href":"https:\/\/www.moensmeubelen.be\/fr\/wp-json\/wp\/v2\/types\/product"}],"replies":[{"embeddable":true,"href":"https:\/\/www.moensmeubelen.be\/fr\/wp-json\/wp\/v2\/comments?post=883093"}],"wp:featuredmedia":[{"embeddable":true,"href":"https:\/\/www.moensmeubelen.be\/fr\/wp-json\/wp\/v2\/media\/970633"}],"wp:attachment":[{"href":"https:\/\/www.moensmeubelen.be\/fr\/wp-json\/wp\/v2\/media?parent=883093"}],"wp:term":[{"taxonomy":"product_brand","embeddable":true,"href":"https:\/\/www.moensmeubelen.be\/fr\/wp-json\/wp\/v2\/product_brand?post=883093"},{"taxonomy":"product_cat","embeddable":true,"href":"https:\/\/www.moensmeubelen.be\/fr\/wp-json\/wp\/v2\/product_cat?post=883093"},{"taxonomy":"product_tag","embeddable":true,"href":"https:\/\/www.moensmeubelen.be\/fr\/wp-json\/wp\/v2\/product_tag?post=883093"}],"curies":[{"name":"wp","href":"https:\/\/api.w.org\/{rel}","templated":true}]}}