{"id":884844,"date":"2026-04-27T00:00:00","date_gmt":"2026-04-27T00:00:00","guid":{"rendered":"https:\/\/www.moensmeubelen.be\/product\/54490cre-fr_be\/"},"modified":"2026-04-27T17:31:27","modified_gmt":"2026-04-27T15:31:27","slug":"54490CRE-fr_BE","status":"publish","type":"product","link":"https:\/\/www.moensmeubelen.be\/fr\/produit\/54490CRE-fr_BE\/","title":{"rendered":"Bologna, canap\u00e9 2,5 places &#8211; tissu Valencia"},"content":{"rendered":"<p>Le canap\u00e9 Bologna 3 places en tissu Valencia cr\u00e8me apporte une allure fra\u00eeche et apaisante \u00e0 votre salon. L\u2019assise spacieuse offre beaucoup de place pour se d\u00e9tendre ensemble ou pour s\u2019allonger confortablement. La teinte cr\u00e8me claire donne au Bologna une allure douce et chaleureuse et se combine facilement avec diff\u00e9rents styles d\u2019int\u00e9rieur et mat\u00e9riaux. Vous cr\u00e9ez ainsi un coin salon accueillant o\u00f9 confort et ambiance se rencontrent.<\/p>\n","protected":false},"excerpt":{"rendered":"<p>Bologna, canap\u00e9 2,5 places &#8211; tissu Valencia &#8211; Relax \u00e9lectrique sur les deux assises, Dossier r\u00e9glable, Design chaleureux<\/p>\n","protected":false},"featured_media":959364,"comment_status":"open","ping_status":"open","template":"","meta":{"_relevanssi_hide_post":"","_relevanssi_hide_content":"","_relevanssi_pin_for_all":"","_relevanssi_pin_keywords":"","_relevanssi_unpin_keywords":"","_relevanssi_related_keywords":"","_relevanssi_related_include_ids":"","_relevanssi_related_exclude_ids":"","_relevanssi_related_no_append":"","_relevanssi_related_not_related":"","_relevanssi_related_posts":"","_relevanssi_noindex_reason":""},"product_brand":[],"product_cat":[5647],"product_tag":[],"class_list":["post-884844","product","type-product","status-publish","has-post-thumbnail","product_cat-zetels_l2_fr_BE","first","onbackorder","taxable","shipping-taxable","purchasable","product-type-simple"],"_links":{"self":[{"href":"https:\/\/www.moensmeubelen.be\/fr\/wp-json\/wp\/v2\/product\/884844","targetHints":{"allow":["GET"]}}],"collection":[{"href":"https:\/\/www.moensmeubelen.be\/fr\/wp-json\/wp\/v2\/product"}],"about":[{"href":"https:\/\/www.moensmeubelen.be\/fr\/wp-json\/wp\/v2\/types\/product"}],"replies":[{"embeddable":true,"href":"https:\/\/www.moensmeubelen.be\/fr\/wp-json\/wp\/v2\/comments?post=884844"}],"wp:featuredmedia":[{"embeddable":true,"href":"https:\/\/www.moensmeubelen.be\/fr\/wp-json\/wp\/v2\/media\/959364"}],"wp:attachment":[{"href":"https:\/\/www.moensmeubelen.be\/fr\/wp-json\/wp\/v2\/media?parent=884844"}],"wp:term":[{"taxonomy":"product_brand","embeddable":true,"href":"https:\/\/www.moensmeubelen.be\/fr\/wp-json\/wp\/v2\/product_brand?post=884844"},{"taxonomy":"product_cat","embeddable":true,"href":"https:\/\/www.moensmeubelen.be\/fr\/wp-json\/wp\/v2\/product_cat?post=884844"},{"taxonomy":"product_tag","embeddable":true,"href":"https:\/\/www.moensmeubelen.be\/fr\/wp-json\/wp\/v2\/product_tag?post=884844"}],"curies":[{"name":"wp","href":"https:\/\/api.w.org\/{rel}","templated":true}]}}