{"id":884852,"date":"2026-04-27T00:00:00","date_gmt":"2026-04-27T00:00:00","guid":{"rendered":"https:\/\/www.moensmeubelen.be\/product\/54491cre-fr_be\/"},"modified":"2026-04-27T17:31:33","modified_gmt":"2026-04-27T15:31:33","slug":"54491CRE-fr_BE","status":"publish","type":"product","link":"https:\/\/www.moensmeubelen.be\/fr\/produit\/54491CRE-fr_BE\/","title":{"rendered":"Bologna, canap\u00e9 3 places &#8211; tissu Valencia"},"content":{"rendered":"<p>Le canap\u00e9 Bologna 2,5 places avec accoudoir \u00e0 gauche offre un espace d\u2019assise confortable avec des possibilit\u00e9s suppl\u00e9mentaires de d\u00e9tente. Gr\u00e2ce au dossier r\u00e9glable et au repose-pieds r\u00e9glable \u00e9lectriquement, vous adaptez facilement la position d\u2019assise \u00e0 votre moment. Vous pouvez ainsi vous asseoir droit lorsque vous \u00eates actif ou vous pencher en arri\u00e8re pour vous d\u00e9tendre. Gr\u00e2ce au choix de nombreux tissus et coloris de notre collection \u00ab selected choices \u00bb, vous composez le Bologna de mani\u00e8re \u00e0 ce qu\u2019il s\u2019int\u00e8gre parfaitement \u00e0 votre int\u00e9rieur et \u00e0 votre style personnel.<\/p>\n","protected":false},"excerpt":{"rendered":"<p>Bologna, canap\u00e9 3 places &#8211; tissu Valencia &#8211; Relax \u00e9lectrique sur les deux assises, Dossier r\u00e9glable, Design chaleureux<\/p>\n","protected":false},"featured_media":934589,"comment_status":"open","ping_status":"open","template":"","meta":{"_relevanssi_hide_post":"","_relevanssi_hide_content":"","_relevanssi_pin_for_all":"","_relevanssi_pin_keywords":"","_relevanssi_unpin_keywords":"","_relevanssi_related_keywords":"","_relevanssi_related_include_ids":"","_relevanssi_related_exclude_ids":"","_relevanssi_related_no_append":"","_relevanssi_related_not_related":"","_relevanssi_related_posts":"","_relevanssi_noindex_reason":""},"product_brand":[],"product_cat":[5647],"product_tag":[],"class_list":["post-884852","product","type-product","status-publish","has-post-thumbnail","product_cat-zetels_l2_fr_BE","first","onbackorder","taxable","shipping-taxable","purchasable","product-type-simple"],"_links":{"self":[{"href":"https:\/\/www.moensmeubelen.be\/fr\/wp-json\/wp\/v2\/product\/884852","targetHints":{"allow":["GET"]}}],"collection":[{"href":"https:\/\/www.moensmeubelen.be\/fr\/wp-json\/wp\/v2\/product"}],"about":[{"href":"https:\/\/www.moensmeubelen.be\/fr\/wp-json\/wp\/v2\/types\/product"}],"replies":[{"embeddable":true,"href":"https:\/\/www.moensmeubelen.be\/fr\/wp-json\/wp\/v2\/comments?post=884852"}],"wp:featuredmedia":[{"embeddable":true,"href":"https:\/\/www.moensmeubelen.be\/fr\/wp-json\/wp\/v2\/media\/934589"}],"wp:attachment":[{"href":"https:\/\/www.moensmeubelen.be\/fr\/wp-json\/wp\/v2\/media?parent=884852"}],"wp:term":[{"taxonomy":"product_brand","embeddable":true,"href":"https:\/\/www.moensmeubelen.be\/fr\/wp-json\/wp\/v2\/product_brand?post=884852"},{"taxonomy":"product_cat","embeddable":true,"href":"https:\/\/www.moensmeubelen.be\/fr\/wp-json\/wp\/v2\/product_cat?post=884852"},{"taxonomy":"product_tag","embeddable":true,"href":"https:\/\/www.moensmeubelen.be\/fr\/wp-json\/wp\/v2\/product_tag?post=884852"}],"curies":[{"name":"wp","href":"https:\/\/api.w.org\/{rel}","templated":true}]}}