{"id":887695,"date":"2026-06-28T00:00:00","date_gmt":"2026-06-28T00:00:00","guid":{"rendered":"https:\/\/www.moensmeubelen.be\/product\/50587kie-fr_be\/"},"modified":"2026-06-28T21:48:05","modified_gmt":"2026-06-28T19:48:05","slug":"50587KIE-fr_BE","status":"publish","type":"product","link":"https:\/\/www.moensmeubelen.be\/fr\/produit\/50587KIE-fr_BE\/","title":{"rendered":"Brooks, Canap\u00e9 3 places &#8211; Tissu Vito &#8211; Caillou"},"content":{"rendered":"<p>Cette combinaison en stock du canap\u00e9 BROOKS 3 places est un v\u00e9ritable accroche-regard, avec une forme organique parfaitement en phase avec les tendances actuelles de l\u2019int\u00e9rieur. Les angles arrondis, les accoudoirs l\u00e9g\u00e8rement inclin\u00e9s et le dossier bas cr\u00e9ent un ensemble doux et fluide \u00e0 l\u2019allure chic. Le canap\u00e9 est rev\u00eatu du tissu VITO galet, dot\u00e9 de ressorts ensach\u00e9s et termin\u00e9 par des pieds de 17 cm, qui apportent au design une impression de l\u00e9g\u00e8ret\u00e9 et de modernit\u00e9. Tu l\u2019imagines d\u00e9j\u00e0 dans ton salon ?<\/p>\n","protected":false},"excerpt":{"rendered":"<p>Brooks, Canap\u00e9 3 places &#8211; Tissu Vito &#8211; Caillou &#8211; Confort d\\&#8217;assise avec ressorts ensach\u00e9s, Canap\u00e9 organique aux formes rondes<\/p>\n","protected":false},"featured_media":1004446,"comment_status":"open","ping_status":"open","template":"","meta":{"_relevanssi_hide_post":"","_relevanssi_hide_content":"","_relevanssi_pin_for_all":"","_relevanssi_pin_keywords":"","_relevanssi_unpin_keywords":"","_relevanssi_related_keywords":"","_relevanssi_related_include_ids":"","_relevanssi_related_exclude_ids":"","_relevanssi_related_no_append":"","_relevanssi_related_not_related":"","_relevanssi_related_posts":"","_relevanssi_noindex_reason":""},"product_brand":[],"product_cat":[5647],"product_tag":[],"class_list":["post-887695","product","type-product","status-publish","has-post-thumbnail","product_cat-zetels_l2_fr_BE","first","onbackorder","taxable","shipping-taxable","purchasable","product-type-simple"],"_links":{"self":[{"href":"https:\/\/www.moensmeubelen.be\/fr\/wp-json\/wp\/v2\/product\/887695","targetHints":{"allow":["GET"]}}],"collection":[{"href":"https:\/\/www.moensmeubelen.be\/fr\/wp-json\/wp\/v2\/product"}],"about":[{"href":"https:\/\/www.moensmeubelen.be\/fr\/wp-json\/wp\/v2\/types\/product"}],"replies":[{"embeddable":true,"href":"https:\/\/www.moensmeubelen.be\/fr\/wp-json\/wp\/v2\/comments?post=887695"}],"wp:featuredmedia":[{"embeddable":true,"href":"https:\/\/www.moensmeubelen.be\/fr\/wp-json\/wp\/v2\/media\/1004446"}],"wp:attachment":[{"href":"https:\/\/www.moensmeubelen.be\/fr\/wp-json\/wp\/v2\/media?parent=887695"}],"wp:term":[{"taxonomy":"product_brand","embeddable":true,"href":"https:\/\/www.moensmeubelen.be\/fr\/wp-json\/wp\/v2\/product_brand?post=887695"},{"taxonomy":"product_cat","embeddable":true,"href":"https:\/\/www.moensmeubelen.be\/fr\/wp-json\/wp\/v2\/product_cat?post=887695"},{"taxonomy":"product_tag","embeddable":true,"href":"https:\/\/www.moensmeubelen.be\/fr\/wp-json\/wp\/v2\/product_tag?post=887695"}],"curies":[{"name":"wp","href":"https:\/\/api.w.org\/{rel}","templated":true}]}}