{"id":888195,"date":"2026-06-28T00:00:00","date_gmt":"2026-06-28T00:00:00","guid":{"rendered":"https:\/\/www.moensmeubelen.be\/product\/56573lav-fr_be\/"},"modified":"2026-06-29T00:30:40","modified_gmt":"2026-06-28T22:30:40","slug":"56573LAV-fr_BE","status":"publish","type":"product","link":"https:\/\/www.moensmeubelen.be\/fr\/produit\/56573LAV-fr_BE\/","title":{"rendered":"Saluti, table organic 210 x 120 cm. &#8211; 4 pieds &#8211; cr\u00e8me &#8211; Lava"},"content":{"rendered":"<p>Cette table de salle \u00e0 manger SALUTI est \u00e9quip\u00e9e d\u2019un plateau de forme organique de 210 x 120 cm, pos\u00e9 sur un pi\u00e9tement m\u00e9tallique \u00e0 4 pieds en coloris cr\u00e8me. Le plateau est r\u00e9alis\u00e9 en MDF de haute qualit\u00e9 avec un rev\u00eatement Primo Laminato (HPL) finition effet pierre coloris lava. Ce mat\u00e9riau est r\u00e9sistant aux rayures, supporte des temp\u00e9ratures \u00e9lev\u00e9es et est facile \u00e0 entretenir. La forme asym\u00e9trique casse les lignes droites dans votre int\u00e9rieur et donne \u00e0 la table un caract\u00e8re unique.<\/p>\n","protected":false},"excerpt":{"rendered":"<p>Saluti, table organic 210 x 120 cm. &#8211; 4 pieds &#8211; cr\u00e8me &#8211; Lava<\/p>\n","protected":false},"featured_media":1012304,"comment_status":"open","ping_status":"open","template":"","meta":{"_relevanssi_hide_post":"","_relevanssi_hide_content":"","_relevanssi_pin_for_all":"","_relevanssi_pin_keywords":"","_relevanssi_unpin_keywords":"","_relevanssi_related_keywords":"","_relevanssi_related_include_ids":"","_relevanssi_related_exclude_ids":"","_relevanssi_related_no_append":"","_relevanssi_related_not_related":"","_relevanssi_related_posts":"","_relevanssi_noindex_reason":""},"product_brand":[],"product_cat":[1315],"product_tag":[],"class_list":["post-888195","product","type-product","status-publish","has-post-thumbnail","product_cat-eettafels_fr_BE","first","onbackorder","sale","taxable","shipping-taxable","purchasable","product-type-simple"],"_links":{"self":[{"href":"https:\/\/www.moensmeubelen.be\/fr\/wp-json\/wp\/v2\/product\/888195","targetHints":{"allow":["GET"]}}],"collection":[{"href":"https:\/\/www.moensmeubelen.be\/fr\/wp-json\/wp\/v2\/product"}],"about":[{"href":"https:\/\/www.moensmeubelen.be\/fr\/wp-json\/wp\/v2\/types\/product"}],"replies":[{"embeddable":true,"href":"https:\/\/www.moensmeubelen.be\/fr\/wp-json\/wp\/v2\/comments?post=888195"}],"wp:featuredmedia":[{"embeddable":true,"href":"https:\/\/www.moensmeubelen.be\/fr\/wp-json\/wp\/v2\/media\/1012304"}],"wp:attachment":[{"href":"https:\/\/www.moensmeubelen.be\/fr\/wp-json\/wp\/v2\/media?parent=888195"}],"wp:term":[{"taxonomy":"product_brand","embeddable":true,"href":"https:\/\/www.moensmeubelen.be\/fr\/wp-json\/wp\/v2\/product_brand?post=888195"},{"taxonomy":"product_cat","embeddable":true,"href":"https:\/\/www.moensmeubelen.be\/fr\/wp-json\/wp\/v2\/product_cat?post=888195"},{"taxonomy":"product_tag","embeddable":true,"href":"https:\/\/www.moensmeubelen.be\/fr\/wp-json\/wp\/v2\/product_tag?post=888195"}],"curies":[{"name":"wp","href":"https:\/\/api.w.org\/{rel}","templated":true}]}}