{"id":900909,"date":"2026-06-28T00:00:00","date_gmt":"2026-06-28T00:00:00","guid":{"rendered":"https:\/\/www.moensmeubelen.be\/product\/56861cre-fr_be\/"},"modified":"2026-06-29T00:43:39","modified_gmt":"2026-06-28T22:43:39","slug":"56861CRE-fr_BE","status":"publish","type":"product","link":"https:\/\/www.moensmeubelen.be\/fr\/produit\/56861CRE-fr_BE\/","title":{"rendered":"Arvada, Table \u00e0 manger 125 cm, ronde, 4 pieds &#8211; Creme"},"content":{"rendered":"<p>La table ARVADA avec plateau rond de 125 cm est une table de salle \u00e0 manger compacte qui s\u2019int\u00e8gre parfaitement dans un espace repas plus r\u00e9duit. Le plateau est r\u00e9alis\u00e9 en ch\u00eane massif laqu\u00e9 coloris natural. Le veinage visible du bois lui conf\u00e8re une allure robuste et naturelle. Cette version repose sur un pi\u00e9tement m\u00e9tallique 4 pieds en coloris cr\u00e8me. Le pi\u00e9tement est \u00e9galement disponible dans les coloris off-black, graphite et steelbrown.<\/p>\n","protected":false},"excerpt":{"rendered":"<p>Arvada, Table \u00e0 manger 125 cm, ronde, 4 pieds &#8211; Creme<\/p>\n","protected":false},"featured_media":1013004,"comment_status":"open","ping_status":"open","template":"","meta":{"_relevanssi_hide_post":"","_relevanssi_hide_content":"","_relevanssi_pin_for_all":"","_relevanssi_pin_keywords":"","_relevanssi_unpin_keywords":"","_relevanssi_related_keywords":"","_relevanssi_related_include_ids":"","_relevanssi_related_exclude_ids":"","_relevanssi_related_no_append":"","_relevanssi_related_not_related":"","_relevanssi_related_posts":"","_relevanssi_noindex_reason":""},"product_brand":[],"product_cat":[1315],"product_tag":[],"class_list":["post-900909","product","type-product","status-publish","has-post-thumbnail","product_cat-eettafels_fr_BE","first","onbackorder","sale","taxable","shipping-taxable","purchasable","product-type-simple"],"_links":{"self":[{"href":"https:\/\/www.moensmeubelen.be\/fr\/wp-json\/wp\/v2\/product\/900909","targetHints":{"allow":["GET"]}}],"collection":[{"href":"https:\/\/www.moensmeubelen.be\/fr\/wp-json\/wp\/v2\/product"}],"about":[{"href":"https:\/\/www.moensmeubelen.be\/fr\/wp-json\/wp\/v2\/types\/product"}],"replies":[{"embeddable":true,"href":"https:\/\/www.moensmeubelen.be\/fr\/wp-json\/wp\/v2\/comments?post=900909"}],"wp:featuredmedia":[{"embeddable":true,"href":"https:\/\/www.moensmeubelen.be\/fr\/wp-json\/wp\/v2\/media\/1013004"}],"wp:attachment":[{"href":"https:\/\/www.moensmeubelen.be\/fr\/wp-json\/wp\/v2\/media?parent=900909"}],"wp:term":[{"taxonomy":"product_brand","embeddable":true,"href":"https:\/\/www.moensmeubelen.be\/fr\/wp-json\/wp\/v2\/product_brand?post=900909"},{"taxonomy":"product_cat","embeddable":true,"href":"https:\/\/www.moensmeubelen.be\/fr\/wp-json\/wp\/v2\/product_cat?post=900909"},{"taxonomy":"product_tag","embeddable":true,"href":"https:\/\/www.moensmeubelen.be\/fr\/wp-json\/wp\/v2\/product_tag?post=900909"}],"curies":[{"name":"wp","href":"https:\/\/api.w.org\/{rel}","templated":true}]}}