{"id":901828,"date":"2026-06-28T00:00:00","date_gmt":"2026-06-28T00:00:00","guid":{"rendered":"https:\/\/www.moensmeubelen.be\/product\/43364kop-fr_be\/"},"modified":"2026-06-28T20:26:11","modified_gmt":"2026-06-28T18:26:11","slug":"43364KOP-fr_BE","status":"publish","type":"product","link":"https:\/\/www.moensmeubelen.be\/fr\/produit\/43364KOP-fr_BE\/","title":{"rendered":"Belem, Canap\u00e9 3,5 places &#8211; Tissu Bellini &#8211; cuivre"},"content":{"rendered":"<p>Le canap\u00e9 design BELEM 3,5 places est un excellent choix si vous recherchez un mod\u00e8le g\u00e9n\u00e9reux, \u00e0 l\u2019allure calme et au confort agr\u00e9able. Son dossier bas, ses accoudoirs courb\u00e9s et ses pieds ovales en m\u00e9tal lui donnent une silhouette \u00e9l\u00e9gante. Le rev\u00eatement en tissu Bellini en coloris cuivre apporte une touche chaleureuse et raffin\u00e9e. Gr\u00e2ce \u00e0 la suspension \u00e0 ressorts ensach\u00e9s de s\u00e9rie, vous profitez d\u2019un confort d\u2019assise suppl\u00e9mentaire.<\/p>\n","protected":false},"excerpt":{"rendered":"<p>Belem, Canap\u00e9 3,5 places &#8211; Tissu Bellini &#8211; cuivre &#8211; Confort d\\&#8217;assise avec ressorts ensach\u00e9s, Dossier bas, Canap\u00e9 \u00e9l\u00e9gant aux formes rondes<\/p>\n","protected":false},"featured_media":1000760,"comment_status":"open","ping_status":"open","template":"","meta":{"_relevanssi_hide_post":"","_relevanssi_hide_content":"","_relevanssi_pin_for_all":"","_relevanssi_pin_keywords":"","_relevanssi_unpin_keywords":"","_relevanssi_related_keywords":"","_relevanssi_related_include_ids":"","_relevanssi_related_exclude_ids":"","_relevanssi_related_no_append":"","_relevanssi_related_not_related":"","_relevanssi_related_posts":"","_relevanssi_noindex_reason":""},"product_brand":[],"product_cat":[5647],"product_tag":[],"class_list":["post-901828","product","type-product","status-publish","has-post-thumbnail","product_cat-zetels_l2_fr_BE","first","onbackorder","sale","taxable","shipping-taxable","purchasable","product-type-simple"],"_links":{"self":[{"href":"https:\/\/www.moensmeubelen.be\/fr\/wp-json\/wp\/v2\/product\/901828","targetHints":{"allow":["GET"]}}],"collection":[{"href":"https:\/\/www.moensmeubelen.be\/fr\/wp-json\/wp\/v2\/product"}],"about":[{"href":"https:\/\/www.moensmeubelen.be\/fr\/wp-json\/wp\/v2\/types\/product"}],"replies":[{"embeddable":true,"href":"https:\/\/www.moensmeubelen.be\/fr\/wp-json\/wp\/v2\/comments?post=901828"}],"wp:featuredmedia":[{"embeddable":true,"href":"https:\/\/www.moensmeubelen.be\/fr\/wp-json\/wp\/v2\/media\/1000760"}],"wp:attachment":[{"href":"https:\/\/www.moensmeubelen.be\/fr\/wp-json\/wp\/v2\/media?parent=901828"}],"wp:term":[{"taxonomy":"product_brand","embeddable":true,"href":"https:\/\/www.moensmeubelen.be\/fr\/wp-json\/wp\/v2\/product_brand?post=901828"},{"taxonomy":"product_cat","embeddable":true,"href":"https:\/\/www.moensmeubelen.be\/fr\/wp-json\/wp\/v2\/product_cat?post=901828"},{"taxonomy":"product_tag","embeddable":true,"href":"https:\/\/www.moensmeubelen.be\/fr\/wp-json\/wp\/v2\/product_tag?post=901828"}],"curies":[{"name":"wp","href":"https:\/\/api.w.org\/{rel}","templated":true}]}}