{"id":901836,"date":"2026-06-28T00:00:00","date_gmt":"2026-06-28T00:00:00","guid":{"rendered":"https:\/\/www.moensmeubelen.be\/product\/43365kop-fr_be\/"},"modified":"2026-06-28T20:26:19","modified_gmt":"2026-06-28T18:26:19","slug":"43365KOP-fr_BE","status":"publish","type":"product","link":"https:\/\/www.moensmeubelen.be\/fr\/produit\/43365KOP-fr_BE\/","title":{"rendered":"Belem, Canap\u00e9 3 places &#8211; Tissu Bellini &#8211; cuivre"},"content":{"rendered":"<p>Vous aimez les canap\u00e9s spacieux au look chaleureux et au confort agr\u00e9able ? Le BELEM 3 places associe des formes \u00e9l\u00e9gantes \u00e0 une assise accueillante. Le dossier bas, les accoudoirs courb\u00e9s et les pieds ovales en m\u00e9tal cr\u00e9ent une allure l\u00e9g\u00e8re. Le tissu Bellini en coloris cuivre donne \u00e0 ce canap\u00e9 design une note chaleureuse et vivante. Avec la suspension \u00e0 ressorts ensach\u00e9s de s\u00e9rie, vous profitez d\u2019un confort d\u2019assise tr\u00e8s agr\u00e9able.<\/p>\n","protected":false},"excerpt":{"rendered":"<p>Belem, Canap\u00e9 3 places &#8211; Tissu Bellini &#8211; cuivre &#8211; Confort d\\&#8217;assise avec ressorts ensach\u00e9s, Dossier bas, Canap\u00e9 \u00e9l\u00e9gant aux formes rondes<\/p>\n","protected":false},"featured_media":1000766,"comment_status":"open","ping_status":"open","template":"","meta":{"_relevanssi_hide_post":"","_relevanssi_hide_content":"","_relevanssi_pin_for_all":"","_relevanssi_pin_keywords":"","_relevanssi_unpin_keywords":"","_relevanssi_related_keywords":"","_relevanssi_related_include_ids":"","_relevanssi_related_exclude_ids":"","_relevanssi_related_no_append":"","_relevanssi_related_not_related":"","_relevanssi_related_posts":"","_relevanssi_noindex_reason":""},"product_brand":[],"product_cat":[5647],"product_tag":[],"class_list":["post-901836","product","type-product","status-publish","has-post-thumbnail","product_cat-zetels_l2_fr_BE","first","onbackorder","sale","taxable","shipping-taxable","purchasable","product-type-simple"],"_links":{"self":[{"href":"https:\/\/www.moensmeubelen.be\/fr\/wp-json\/wp\/v2\/product\/901836","targetHints":{"allow":["GET"]}}],"collection":[{"href":"https:\/\/www.moensmeubelen.be\/fr\/wp-json\/wp\/v2\/product"}],"about":[{"href":"https:\/\/www.moensmeubelen.be\/fr\/wp-json\/wp\/v2\/types\/product"}],"replies":[{"embeddable":true,"href":"https:\/\/www.moensmeubelen.be\/fr\/wp-json\/wp\/v2\/comments?post=901836"}],"wp:featuredmedia":[{"embeddable":true,"href":"https:\/\/www.moensmeubelen.be\/fr\/wp-json\/wp\/v2\/media\/1000766"}],"wp:attachment":[{"href":"https:\/\/www.moensmeubelen.be\/fr\/wp-json\/wp\/v2\/media?parent=901836"}],"wp:term":[{"taxonomy":"product_brand","embeddable":true,"href":"https:\/\/www.moensmeubelen.be\/fr\/wp-json\/wp\/v2\/product_brand?post=901836"},{"taxonomy":"product_cat","embeddable":true,"href":"https:\/\/www.moensmeubelen.be\/fr\/wp-json\/wp\/v2\/product_cat?post=901836"},{"taxonomy":"product_tag","embeddable":true,"href":"https:\/\/www.moensmeubelen.be\/fr\/wp-json\/wp\/v2\/product_tag?post=901836"}],"curies":[{"name":"wp","href":"https:\/\/api.w.org\/{rel}","templated":true}]}}