{"id":901844,"date":"2026-06-28T00:00:00","date_gmt":"2026-06-28T00:00:00","guid":{"rendered":"https:\/\/www.moensmeubelen.be\/product\/43366kop-fr_be\/"},"modified":"2026-06-28T20:26:27","modified_gmt":"2026-06-28T18:26:27","slug":"43366KOP-fr_BE","status":"publish","type":"product","link":"https:\/\/www.moensmeubelen.be\/fr\/produit\/43366KOP-fr_BE\/","title":{"rendered":"Belem, Canap\u00e9 2,5 places &#8211; Tissu Bellini &#8211; cuivre"},"content":{"rendered":"<p>Vous recherchez un canap\u00e9 design qui associe confort et \u00e9l\u00e9gance discr\u00e8te ? Le BELEM 2,5 places est un choix id\u00e9al. Son dossier bas, ses accoudoirs courb\u00e9s et ses pieds ovales en m\u00e9tal lui donnent une allure raffin\u00e9e. Le rev\u00eatement en tissu Bellini couleur cuivre apporte un coloris chaleureux et vivant. Gr\u00e2ce \u00e0 la suspension \u00e0 ressorts ensach\u00e9s de s\u00e9rie, le confort est au rendez-vous.<\/p>\n","protected":false},"excerpt":{"rendered":"<p>Belem, Canap\u00e9 2,5 places &#8211; Tissu Bellini &#8211; cuivre &#8211; Confort d\\&#8217;assise avec ressorts ensach\u00e9s, Dossier bas, Canap\u00e9 \u00e9l\u00e9gant aux formes rondes<\/p>\n","protected":false},"featured_media":1000772,"comment_status":"open","ping_status":"open","template":"","meta":{"_relevanssi_hide_post":"","_relevanssi_hide_content":"","_relevanssi_pin_for_all":"","_relevanssi_pin_keywords":"","_relevanssi_unpin_keywords":"","_relevanssi_related_keywords":"","_relevanssi_related_include_ids":"","_relevanssi_related_exclude_ids":"","_relevanssi_related_no_append":"","_relevanssi_related_not_related":"","_relevanssi_related_posts":"","_relevanssi_noindex_reason":""},"product_brand":[],"product_cat":[5647],"product_tag":[],"class_list":["post-901844","product","type-product","status-publish","has-post-thumbnail","product_cat-zetels_l2_fr_BE","first","onbackorder","sale","taxable","shipping-taxable","purchasable","product-type-simple"],"_links":{"self":[{"href":"https:\/\/www.moensmeubelen.be\/fr\/wp-json\/wp\/v2\/product\/901844","targetHints":{"allow":["GET"]}}],"collection":[{"href":"https:\/\/www.moensmeubelen.be\/fr\/wp-json\/wp\/v2\/product"}],"about":[{"href":"https:\/\/www.moensmeubelen.be\/fr\/wp-json\/wp\/v2\/types\/product"}],"replies":[{"embeddable":true,"href":"https:\/\/www.moensmeubelen.be\/fr\/wp-json\/wp\/v2\/comments?post=901844"}],"wp:featuredmedia":[{"embeddable":true,"href":"https:\/\/www.moensmeubelen.be\/fr\/wp-json\/wp\/v2\/media\/1000772"}],"wp:attachment":[{"href":"https:\/\/www.moensmeubelen.be\/fr\/wp-json\/wp\/v2\/media?parent=901844"}],"wp:term":[{"taxonomy":"product_brand","embeddable":true,"href":"https:\/\/www.moensmeubelen.be\/fr\/wp-json\/wp\/v2\/product_brand?post=901844"},{"taxonomy":"product_cat","embeddable":true,"href":"https:\/\/www.moensmeubelen.be\/fr\/wp-json\/wp\/v2\/product_cat?post=901844"},{"taxonomy":"product_tag","embeddable":true,"href":"https:\/\/www.moensmeubelen.be\/fr\/wp-json\/wp\/v2\/product_tag?post=901844"}],"curies":[{"name":"wp","href":"https:\/\/api.w.org\/{rel}","templated":true}]}}