{"id":901868,"date":"2026-06-28T00:00:00","date_gmt":"2026-06-28T00:00:00","guid":{"rendered":"https:\/\/www.moensmeubelen.be\/product\/43369kop-fr_be\/"},"modified":"2026-06-28T20:26:50","modified_gmt":"2026-06-28T18:26:50","slug":"43369KOP-fr_BE","status":"publish","type":"product","link":"https:\/\/www.moensmeubelen.be\/fr\/produit\/43369KOP-fr_BE\/","title":{"rendered":"Belem, Pouf &#8211; Tissu Bellini &#8211; cuivre"},"content":{"rendered":"<p>Ce pouf BELEM en tissu Bellini cuivre est un compl\u00e9ment pratique au canap\u00e9 design BELEM. Il s\u2019utilise comme repose-pieds, assise d\u2019appoint ou \u00e9l\u00e9ment ind\u00e9pendant dans la pi\u00e8ce. Sa forme arrondie s\u2019accorde harmonieusement aux lignes douces du canap\u00e9. Le rev\u00eatement Bellini en coloris cuivre donne au pouf une allure chaleureuse et vivante.<\/p>\n","protected":false},"excerpt":{"rendered":"<p>Belem, Pouf &#8211; Tissu Bellini &#8211; cuivre<\/p>\n","protected":false},"featured_media":1000790,"comment_status":"open","ping_status":"open","template":"","meta":{"_relevanssi_hide_post":"","_relevanssi_hide_content":"","_relevanssi_pin_for_all":"","_relevanssi_pin_keywords":"","_relevanssi_unpin_keywords":"","_relevanssi_related_keywords":"","_relevanssi_related_include_ids":"","_relevanssi_related_exclude_ids":"","_relevanssi_related_no_append":"","_relevanssi_related_not_related":"","_relevanssi_related_posts":"","_relevanssi_noindex_reason":""},"product_brand":[],"product_cat":[1329],"product_tag":[],"class_list":["post-901868","product","type-product","status-publish","has-post-thumbnail","product_cat-poefs_fr_BE","first","onbackorder","sale","taxable","shipping-taxable","purchasable","product-type-simple"],"_links":{"self":[{"href":"https:\/\/www.moensmeubelen.be\/fr\/wp-json\/wp\/v2\/product\/901868","targetHints":{"allow":["GET"]}}],"collection":[{"href":"https:\/\/www.moensmeubelen.be\/fr\/wp-json\/wp\/v2\/product"}],"about":[{"href":"https:\/\/www.moensmeubelen.be\/fr\/wp-json\/wp\/v2\/types\/product"}],"replies":[{"embeddable":true,"href":"https:\/\/www.moensmeubelen.be\/fr\/wp-json\/wp\/v2\/comments?post=901868"}],"wp:featuredmedia":[{"embeddable":true,"href":"https:\/\/www.moensmeubelen.be\/fr\/wp-json\/wp\/v2\/media\/1000790"}],"wp:attachment":[{"href":"https:\/\/www.moensmeubelen.be\/fr\/wp-json\/wp\/v2\/media?parent=901868"}],"wp:term":[{"taxonomy":"product_brand","embeddable":true,"href":"https:\/\/www.moensmeubelen.be\/fr\/wp-json\/wp\/v2\/product_brand?post=901868"},{"taxonomy":"product_cat","embeddable":true,"href":"https:\/\/www.moensmeubelen.be\/fr\/wp-json\/wp\/v2\/product_cat?post=901868"},{"taxonomy":"product_tag","embeddable":true,"href":"https:\/\/www.moensmeubelen.be\/fr\/wp-json\/wp\/v2\/product_tag?post=901868"}],"curies":[{"name":"wp","href":"https:\/\/api.w.org\/{rel}","templated":true}]}}