{"id":901964,"date":"2026-06-28T00:00:00","date_gmt":"2026-06-28T00:00:00","guid":{"rendered":"https:\/\/www.moensmeubelen.be\/product\/54300001-fr_be\/"},"modified":"2026-06-28T23:25:38","modified_gmt":"2026-06-28T21:25:38","slug":"54300001-fr_BE","status":"publish","type":"product","link":"https:\/\/www.moensmeubelen.be\/fr\/produit\/54300001-fr_BE\/","title":{"rendered":"Creazzo, 3 places &#8211; r\u00e9glable \u00e9lectriquement &#8211; 4 moteurs &#8211; pied design"},"content":{"rendered":"<p>Le canap\u00e9 3 places CREAZZO associe design moderne et fonction relax \u00e9lectrique. Il repose de s\u00e9rie sur un pied design \u00e9lanc\u00e9 en m\u00e9tal. Celui-ci se prolonge partiellement le long de l\u2019accoudoir et accentue l\u2019effet a\u00e9rien du mod\u00e8le. L\u2019assise est \u00e9quip\u00e9e de ressorts Bonell et de dossiers fixes. La fonction relax \u00e9lectrique dispose de 2 moteurs par place, pour un r\u00e9glage ind\u00e9pendant de chaque assise. Gr\u00e2ce au syst\u00e8me wall away, vous pouvez installer le canap\u00e9 contre un mur. Vous choisissez le rev\u00eatement parmi la collection Selected Choices.<\/p>\n","protected":false},"excerpt":{"rendered":"<p>Creazzo, 3 places &#8211; r\u00e9glable \u00e9lectriquement &#8211; 4 moteurs &#8211; pied design<\/p>\n","protected":false},"featured_media":1009258,"comment_status":"open","ping_status":"open","template":"","meta":{"_relevanssi_hide_post":"","_relevanssi_hide_content":"","_relevanssi_pin_for_all":"","_relevanssi_pin_keywords":"","_relevanssi_unpin_keywords":"","_relevanssi_related_keywords":"","_relevanssi_related_include_ids":"","_relevanssi_related_exclude_ids":"","_relevanssi_related_no_append":"","_relevanssi_related_not_related":"","_relevanssi_related_posts":"","_relevanssi_noindex_reason":""},"product_brand":[],"product_cat":[5647],"product_tag":[],"class_list":["post-901964","product","type-product","status-publish","has-post-thumbnail","product_cat-zetels_l2_fr_BE","first","onbackorder","taxable","shipping-taxable","purchasable","product-type-simple"],"_links":{"self":[{"href":"https:\/\/www.moensmeubelen.be\/fr\/wp-json\/wp\/v2\/product\/901964","targetHints":{"allow":["GET"]}}],"collection":[{"href":"https:\/\/www.moensmeubelen.be\/fr\/wp-json\/wp\/v2\/product"}],"about":[{"href":"https:\/\/www.moensmeubelen.be\/fr\/wp-json\/wp\/v2\/types\/product"}],"replies":[{"embeddable":true,"href":"https:\/\/www.moensmeubelen.be\/fr\/wp-json\/wp\/v2\/comments?post=901964"}],"wp:featuredmedia":[{"embeddable":true,"href":"https:\/\/www.moensmeubelen.be\/fr\/wp-json\/wp\/v2\/media\/1009258"}],"wp:attachment":[{"href":"https:\/\/www.moensmeubelen.be\/fr\/wp-json\/wp\/v2\/media?parent=901964"}],"wp:term":[{"taxonomy":"product_brand","embeddable":true,"href":"https:\/\/www.moensmeubelen.be\/fr\/wp-json\/wp\/v2\/product_brand?post=901964"},{"taxonomy":"product_cat","embeddable":true,"href":"https:\/\/www.moensmeubelen.be\/fr\/wp-json\/wp\/v2\/product_cat?post=901964"},{"taxonomy":"product_tag","embeddable":true,"href":"https:\/\/www.moensmeubelen.be\/fr\/wp-json\/wp\/v2\/product_tag?post=901964"}],"curies":[{"name":"wp","href":"https:\/\/api.w.org\/{rel}","templated":true}]}}