{"id":901968,"date":"2026-06-28T00:00:00","date_gmt":"2026-06-28T00:00:00","guid":{"rendered":"https:\/\/www.moensmeubelen.be\/product\/54301001-fr_be\/"},"modified":"2026-06-28T23:25:45","modified_gmt":"2026-06-28T21:25:45","slug":"54301001-fr_BE","status":"publish","type":"product","link":"https:\/\/www.moensmeubelen.be\/fr\/produit\/54301001-fr_BE\/","title":{"rendered":"Creazzo, 2,5 places &#8211; r\u00e9glable \u00e9lectriquement &#8211; 4 moteurs &#8211; pied design"},"content":{"rendered":"<p>Avec le canap\u00e9 2,5 places CREAZZO, vous optez pour des formes douces et un confort r\u00e9glable. Ce mod\u00e8le est \u00e9quip\u00e9 de s\u00e9rie du pied design \u00e9lanc\u00e9 en m\u00e9tal, qui se prolonge le long de l\u2019accoudoir et souligne les lignes du canap\u00e9. L\u2019assise int\u00e8gre des ressorts Bonell et des dossiers fixes. Gr\u00e2ce aux 2 moteurs par place, chaque assise se r\u00e8gle s\u00e9par\u00e9ment. Le syst\u00e8me wall away maintient le dossier dans l\u2019axe lors du r\u00e9glage, ce qui permet de placer le canap\u00e9 contre un mur. Disponible dans les tissus et coloris de la collection Selected Choices.<\/p>\n","protected":false},"excerpt":{"rendered":"<p>Creazzo, 2,5 places &#8211; r\u00e9glable \u00e9lectriquement &#8211; 4 moteurs &#8211; pied design<\/p>\n","protected":false},"featured_media":1009264,"comment_status":"open","ping_status":"open","template":"","meta":{"_relevanssi_hide_post":"","_relevanssi_hide_content":"","_relevanssi_pin_for_all":"","_relevanssi_pin_keywords":"","_relevanssi_unpin_keywords":"","_relevanssi_related_keywords":"","_relevanssi_related_include_ids":"","_relevanssi_related_exclude_ids":"","_relevanssi_related_no_append":"","_relevanssi_related_not_related":"","_relevanssi_related_posts":"","_relevanssi_noindex_reason":""},"product_brand":[],"product_cat":[5647],"product_tag":[],"class_list":["post-901968","product","type-product","status-publish","has-post-thumbnail","product_cat-zetels_l2_fr_BE","first","onbackorder","taxable","shipping-taxable","purchasable","product-type-simple"],"_links":{"self":[{"href":"https:\/\/www.moensmeubelen.be\/fr\/wp-json\/wp\/v2\/product\/901968","targetHints":{"allow":["GET"]}}],"collection":[{"href":"https:\/\/www.moensmeubelen.be\/fr\/wp-json\/wp\/v2\/product"}],"about":[{"href":"https:\/\/www.moensmeubelen.be\/fr\/wp-json\/wp\/v2\/types\/product"}],"replies":[{"embeddable":true,"href":"https:\/\/www.moensmeubelen.be\/fr\/wp-json\/wp\/v2\/comments?post=901968"}],"wp:featuredmedia":[{"embeddable":true,"href":"https:\/\/www.moensmeubelen.be\/fr\/wp-json\/wp\/v2\/media\/1009264"}],"wp:attachment":[{"href":"https:\/\/www.moensmeubelen.be\/fr\/wp-json\/wp\/v2\/media?parent=901968"}],"wp:term":[{"taxonomy":"product_brand","embeddable":true,"href":"https:\/\/www.moensmeubelen.be\/fr\/wp-json\/wp\/v2\/product_brand?post=901968"},{"taxonomy":"product_cat","embeddable":true,"href":"https:\/\/www.moensmeubelen.be\/fr\/wp-json\/wp\/v2\/product_cat?post=901968"},{"taxonomy":"product_tag","embeddable":true,"href":"https:\/\/www.moensmeubelen.be\/fr\/wp-json\/wp\/v2\/product_tag?post=901968"}],"curies":[{"name":"wp","href":"https:\/\/api.w.org\/{rel}","templated":true}]}}