{"id":901972,"date":"2026-06-28T00:00:00","date_gmt":"2026-06-28T00:00:00","guid":{"rendered":"https:\/\/www.moensmeubelen.be\/product\/54302001-fr_be\/"},"modified":"2026-06-28T23:25:53","modified_gmt":"2026-06-28T21:25:53","slug":"54302001-fr_BE","status":"publish","type":"product","link":"https:\/\/www.moensmeubelen.be\/fr\/produit\/54302001-fr_BE\/","title":{"rendered":"Creazzo, 2 places &#8211; r\u00e9glable \u00e9lectriquement &#8211; 4 moteurs &#8211; pied design"},"content":{"rendered":"<p>Cette causeuse compacte 2 places CREAZZO associe design et fonction relax \u00e9lectrique. Le canap\u00e9 est \u00e9quip\u00e9 de s\u00e9rie de ressorts Bonell confortables, de coussins de dos fixes et d\u2019un \u00e9l\u00e9gant pi\u00e9tement design en m\u00e9tal. Ce pied \u00e9lanc\u00e9 se prolonge partiellement le long de l\u2019accoudoir et apporte une touche \u00e9l\u00e9gante au design. Chaque place est dot\u00e9e de deux moteurs, permettant d\u2019ajuster l\u2019assise et l\u2019appui-t\u00eate ind\u00e9pendamment. La fonction wall away permet de placer facilement le canap\u00e9 contre le mur. Composez votre version dans un tissu et une couleur de la collection Selected Choices.<\/p>\n","protected":false},"excerpt":{"rendered":"<p>Creazzo, 2 places &#8211; r\u00e9glable \u00e9lectriquement &#8211; 4 moteurs &#8211; pied design<\/p>\n","protected":false},"featured_media":1009268,"comment_status":"open","ping_status":"open","template":"","meta":{"_relevanssi_hide_post":"","_relevanssi_hide_content":"","_relevanssi_pin_for_all":"","_relevanssi_pin_keywords":"","_relevanssi_unpin_keywords":"","_relevanssi_related_keywords":"","_relevanssi_related_include_ids":"","_relevanssi_related_exclude_ids":"","_relevanssi_related_no_append":"","_relevanssi_related_not_related":"","_relevanssi_related_posts":"","_relevanssi_noindex_reason":""},"product_brand":[],"product_cat":[5647],"product_tag":[],"class_list":["post-901972","product","type-product","status-publish","has-post-thumbnail","product_cat-zetels_l2_fr_BE","first","onbackorder","taxable","shipping-taxable","purchasable","product-type-simple"],"_links":{"self":[{"href":"https:\/\/www.moensmeubelen.be\/fr\/wp-json\/wp\/v2\/product\/901972","targetHints":{"allow":["GET"]}}],"collection":[{"href":"https:\/\/www.moensmeubelen.be\/fr\/wp-json\/wp\/v2\/product"}],"about":[{"href":"https:\/\/www.moensmeubelen.be\/fr\/wp-json\/wp\/v2\/types\/product"}],"replies":[{"embeddable":true,"href":"https:\/\/www.moensmeubelen.be\/fr\/wp-json\/wp\/v2\/comments?post=901972"}],"wp:featuredmedia":[{"embeddable":true,"href":"https:\/\/www.moensmeubelen.be\/fr\/wp-json\/wp\/v2\/media\/1009268"}],"wp:attachment":[{"href":"https:\/\/www.moensmeubelen.be\/fr\/wp-json\/wp\/v2\/media?parent=901972"}],"wp:term":[{"taxonomy":"product_brand","embeddable":true,"href":"https:\/\/www.moensmeubelen.be\/fr\/wp-json\/wp\/v2\/product_brand?post=901972"},{"taxonomy":"product_cat","embeddable":true,"href":"https:\/\/www.moensmeubelen.be\/fr\/wp-json\/wp\/v2\/product_cat?post=901972"},{"taxonomy":"product_tag","embeddable":true,"href":"https:\/\/www.moensmeubelen.be\/fr\/wp-json\/wp\/v2\/product_tag?post=901972"}],"curies":[{"name":"wp","href":"https:\/\/api.w.org\/{rel}","templated":true}]}}