{"id":901980,"date":"2026-06-28T00:00:00","date_gmt":"2026-06-28T00:00:00","guid":{"rendered":"https:\/\/www.moensmeubelen.be\/product\/54304001-fr_be\/"},"modified":"2026-06-28T23:26:07","modified_gmt":"2026-06-28T21:26:07","slug":"54304001-fr_BE","status":"publish","type":"product","link":"https:\/\/www.moensmeubelen.be\/fr\/produit\/54304001-fr_BE\/","title":{"rendered":"Creazzo, 3 places &#8211; pied design"},"content":{"rendered":"<p>Le canap\u00e9 3 places CREAZZO s\u00e9duit par son format g\u00e9n\u00e9reux et son design associant formes arrondies et accoudoirs \u00e9lanc\u00e9s. Cette version est \u00e9quip\u00e9e de s\u00e9rie d\u2019un pied design en m\u00e9tal. Ce pied fin se prolonge partiellement le long de l\u2019accoudoir et apporte une touche \u00e9l\u00e9gante au mod\u00e8le. L\u2019assise est dot\u00e9e de ressorts Bonell confortables et de dossiers fixes. Vous choisissez le rev\u00eatement dans la collection Selected Choices. Pour encore plus de confort, une fonction relax \u00e9lectrique est disponible en option.<\/p>\n","protected":false},"excerpt":{"rendered":"<p>Creazzo, 3 places &#8211; pied design<\/p>\n","protected":false},"featured_media":1009278,"comment_status":"open","ping_status":"open","template":"","meta":{"_relevanssi_hide_post":"","_relevanssi_hide_content":"","_relevanssi_pin_for_all":"","_relevanssi_pin_keywords":"","_relevanssi_unpin_keywords":"","_relevanssi_related_keywords":"","_relevanssi_related_include_ids":"","_relevanssi_related_exclude_ids":"","_relevanssi_related_no_append":"","_relevanssi_related_not_related":"","_relevanssi_related_posts":"","_relevanssi_noindex_reason":""},"product_brand":[],"product_cat":[5647],"product_tag":[],"class_list":["post-901980","product","type-product","status-publish","has-post-thumbnail","product_cat-zetels_l2_fr_BE","first","onbackorder","taxable","shipping-taxable","purchasable","product-type-simple"],"_links":{"self":[{"href":"https:\/\/www.moensmeubelen.be\/fr\/wp-json\/wp\/v2\/product\/901980","targetHints":{"allow":["GET"]}}],"collection":[{"href":"https:\/\/www.moensmeubelen.be\/fr\/wp-json\/wp\/v2\/product"}],"about":[{"href":"https:\/\/www.moensmeubelen.be\/fr\/wp-json\/wp\/v2\/types\/product"}],"replies":[{"embeddable":true,"href":"https:\/\/www.moensmeubelen.be\/fr\/wp-json\/wp\/v2\/comments?post=901980"}],"wp:featuredmedia":[{"embeddable":true,"href":"https:\/\/www.moensmeubelen.be\/fr\/wp-json\/wp\/v2\/media\/1009278"}],"wp:attachment":[{"href":"https:\/\/www.moensmeubelen.be\/fr\/wp-json\/wp\/v2\/media?parent=901980"}],"wp:term":[{"taxonomy":"product_brand","embeddable":true,"href":"https:\/\/www.moensmeubelen.be\/fr\/wp-json\/wp\/v2\/product_brand?post=901980"},{"taxonomy":"product_cat","embeddable":true,"href":"https:\/\/www.moensmeubelen.be\/fr\/wp-json\/wp\/v2\/product_cat?post=901980"},{"taxonomy":"product_tag","embeddable":true,"href":"https:\/\/www.moensmeubelen.be\/fr\/wp-json\/wp\/v2\/product_tag?post=901980"}],"curies":[{"name":"wp","href":"https:\/\/api.w.org\/{rel}","templated":true}]}}