{"id":901988,"date":"2026-06-28T00:00:00","date_gmt":"2026-06-28T00:00:00","guid":{"rendered":"https:\/\/www.moensmeubelen.be\/product\/54306001-fr_be\/"},"modified":"2026-06-28T23:26:21","modified_gmt":"2026-06-28T21:26:21","slug":"54306001-fr_BE","status":"publish","type":"product","link":"https:\/\/www.moensmeubelen.be\/fr\/produit\/54306001-fr_BE\/","title":{"rendered":"Creazzo, 2 places &#8211; pied design"},"content":{"rendered":"<p>Le canap\u00e9 2 places CREAZZO affiche un format compact et des lignes arrondies associ\u00e9es \u00e0 des accoudoirs \u00e9lanc\u00e9s. Le pied design en m\u00e9tal est inclus de s\u00e9rie. Ce pied fin se prolonge le long de l\u2019accoudoir et apporte un accent \u00e9l\u00e9gant. L\u2019assise est \u00e9quip\u00e9e de ressorts Bonell confortables et de dossiers fixes. Vous choisissez le rev\u00eatement dans la collection Selected Choices. Pour un confort suppl\u00e9mentaire, une fonction relax \u00e9lectrique est disponible en option.<\/p>\n","protected":false},"excerpt":{"rendered":"<p>Creazzo, 2 places &#8211; pied design<\/p>\n","protected":false},"featured_media":1009286,"comment_status":"open","ping_status":"open","template":"","meta":{"_relevanssi_hide_post":"","_relevanssi_hide_content":"","_relevanssi_pin_for_all":"","_relevanssi_pin_keywords":"","_relevanssi_unpin_keywords":"","_relevanssi_related_keywords":"","_relevanssi_related_include_ids":"","_relevanssi_related_exclude_ids":"","_relevanssi_related_no_append":"","_relevanssi_related_not_related":"","_relevanssi_related_posts":"","_relevanssi_noindex_reason":""},"product_brand":[],"product_cat":[5647],"product_tag":[],"class_list":["post-901988","product","type-product","status-publish","has-post-thumbnail","product_cat-zetels_l2_fr_BE","first","onbackorder","taxable","shipping-taxable","purchasable","product-type-simple"],"_links":{"self":[{"href":"https:\/\/www.moensmeubelen.be\/fr\/wp-json\/wp\/v2\/product\/901988","targetHints":{"allow":["GET"]}}],"collection":[{"href":"https:\/\/www.moensmeubelen.be\/fr\/wp-json\/wp\/v2\/product"}],"about":[{"href":"https:\/\/www.moensmeubelen.be\/fr\/wp-json\/wp\/v2\/types\/product"}],"replies":[{"embeddable":true,"href":"https:\/\/www.moensmeubelen.be\/fr\/wp-json\/wp\/v2\/comments?post=901988"}],"wp:featuredmedia":[{"embeddable":true,"href":"https:\/\/www.moensmeubelen.be\/fr\/wp-json\/wp\/v2\/media\/1009286"}],"wp:attachment":[{"href":"https:\/\/www.moensmeubelen.be\/fr\/wp-json\/wp\/v2\/media?parent=901988"}],"wp:term":[{"taxonomy":"product_brand","embeddable":true,"href":"https:\/\/www.moensmeubelen.be\/fr\/wp-json\/wp\/v2\/product_brand?post=901988"},{"taxonomy":"product_cat","embeddable":true,"href":"https:\/\/www.moensmeubelen.be\/fr\/wp-json\/wp\/v2\/product_cat?post=901988"},{"taxonomy":"product_tag","embeddable":true,"href":"https:\/\/www.moensmeubelen.be\/fr\/wp-json\/wp\/v2\/product_tag?post=901988"}],"curies":[{"name":"wp","href":"https:\/\/api.w.org\/{rel}","templated":true}]}}