{"id":903470,"date":"2026-06-28T00:00:00","date_gmt":"2026-06-28T00:00:00","guid":{"rendered":"https:\/\/www.moensmeubelen.be\/product\/49088cre-fr_be\/"},"modified":"2026-06-28T21:21:33","modified_gmt":"2026-06-28T19:21:33","slug":"49088CRE-fr_BE","status":"publish","type":"product","link":"https:\/\/www.moensmeubelen.be\/fr\/produit\/49088CRE-fr_BE\/","title":{"rendered":"Bobbian, pouf, tissu Sevilla cr\u00e8me, cadre en m\u00e9tal noir"},"content":{"rendered":"<p>Cette version de stock du pouf BOBBIAN constitue un compl\u00e9ment confortable au fauteuil relax assorti. Utilisez le pouf comme repose-pieds pratique pour vous d\u00e9tendre encore davantage et profiter pleinement de votre fauteuil. Le pi\u00e9tement m\u00e9tallique s\u2019accorde parfaitement avec le design du fauteuil et apporte une touche moderne \u00e0 l\u2019ensemble. Cette version est rev\u00eatue du tissu Sevilla cr\u00e8me, le m\u00eame tissu chaud et doux que celui du fauteuil assorti. Vous cr\u00e9ez ainsi facilement un ensemble \u00e9l\u00e9gant et confortable dans votre int\u00e9rieur.<\/p>\n","protected":false},"excerpt":{"rendered":"<p>Bobbian, pouf, tissu Sevilla cr\u00e8me, cadre en m\u00e9tal noir<\/p>\n","protected":false},"featured_media":1003227,"comment_status":"open","ping_status":"open","template":"","meta":{"_relevanssi_hide_post":"","_relevanssi_hide_content":"","_relevanssi_pin_for_all":"","_relevanssi_pin_keywords":"","_relevanssi_unpin_keywords":"","_relevanssi_related_keywords":"","_relevanssi_related_include_ids":"","_relevanssi_related_exclude_ids":"","_relevanssi_related_no_append":"","_relevanssi_related_not_related":"","_relevanssi_related_posts":"","_relevanssi_noindex_reason":""},"product_brand":[],"product_cat":[24145,24147],"product_tag":[],"class_list":["post-903470","product","type-product","status-publish","has-post-thumbnail","product_cat-Armstoelen_fr_BE","product_cat-Fauteuils_fr_BE","first","onbackorder","taxable","shipping-taxable","purchasable","product-type-simple"],"_links":{"self":[{"href":"https:\/\/www.moensmeubelen.be\/fr\/wp-json\/wp\/v2\/product\/903470","targetHints":{"allow":["GET"]}}],"collection":[{"href":"https:\/\/www.moensmeubelen.be\/fr\/wp-json\/wp\/v2\/product"}],"about":[{"href":"https:\/\/www.moensmeubelen.be\/fr\/wp-json\/wp\/v2\/types\/product"}],"replies":[{"embeddable":true,"href":"https:\/\/www.moensmeubelen.be\/fr\/wp-json\/wp\/v2\/comments?post=903470"}],"wp:featuredmedia":[{"embeddable":true,"href":"https:\/\/www.moensmeubelen.be\/fr\/wp-json\/wp\/v2\/media\/1003227"}],"wp:attachment":[{"href":"https:\/\/www.moensmeubelen.be\/fr\/wp-json\/wp\/v2\/media?parent=903470"}],"wp:term":[{"taxonomy":"product_brand","embeddable":true,"href":"https:\/\/www.moensmeubelen.be\/fr\/wp-json\/wp\/v2\/product_brand?post=903470"},{"taxonomy":"product_cat","embeddable":true,"href":"https:\/\/www.moensmeubelen.be\/fr\/wp-json\/wp\/v2\/product_cat?post=903470"},{"taxonomy":"product_tag","embeddable":true,"href":"https:\/\/www.moensmeubelen.be\/fr\/wp-json\/wp\/v2\/product_tag?post=903470"}],"curies":[{"name":"wp","href":"https:\/\/api.w.org\/{rel}","templated":true}]}}