{"id":906576,"date":"2026-06-28T00:00:00","date_gmt":"2026-06-28T00:00:00","guid":{"rendered":"https:\/\/www.moensmeubelen.be\/product\/49130oli-fr_be\/"},"modified":"2026-06-28T21:23:12","modified_gmt":"2026-06-28T19:23:12","slug":"49130OLI-fr_BE","status":"publish","type":"product","link":"https:\/\/www.moensmeubelen.be\/fr\/produit\/49130OLI-fr_BE\/","title":{"rendered":"Fiskardo, Canap\u00e9 2,5 places &#8211; Tissu Ponti &#8211; Olive"},"content":{"rendered":"<p>Vous cherchez un canap\u00e9 design au style plus robuste et naturel ? Le FISKARDO 2,5 places en tissu Ponti vert olive est id\u00e9al. Il est pos\u00e9 sur un pied m\u00e9tal noir mat de 17 cm de hauteur, qui lui donne une base stable et un caract\u00e8re affirm\u00e9. L\u2019assise \u00e0 ressorts ensach\u00e9s assure un confort agr\u00e9able. Les surpiq\u00fbres ajoutent une touche de finition soign\u00e9e.<\/p>\n","protected":false},"excerpt":{"rendered":"<p>Fiskardo, Canap\u00e9 2,5 places &#8211; Tissu Ponti &#8211; Olive &#8211; Confort d\\&#8217;assise avec HR supreme foam, Canap\u00e9 design au style intemporel<\/p>\n","protected":false},"featured_media":1003289,"comment_status":"open","ping_status":"open","template":"","meta":{"_relevanssi_hide_post":"","_relevanssi_hide_content":"","_relevanssi_pin_for_all":"","_relevanssi_pin_keywords":"","_relevanssi_unpin_keywords":"","_relevanssi_related_keywords":"","_relevanssi_related_include_ids":"","_relevanssi_related_exclude_ids":"","_relevanssi_related_no_append":"","_relevanssi_related_not_related":"","_relevanssi_related_posts":"","_relevanssi_noindex_reason":""},"product_brand":[],"product_cat":[5647],"product_tag":[],"class_list":["post-906576","product","type-product","status-publish","has-post-thumbnail","product_cat-zetels_l2_fr_BE","first","instock","sale","taxable","shipping-taxable","purchasable","product-type-simple"],"_links":{"self":[{"href":"https:\/\/www.moensmeubelen.be\/fr\/wp-json\/wp\/v2\/product\/906576","targetHints":{"allow":["GET"]}}],"collection":[{"href":"https:\/\/www.moensmeubelen.be\/fr\/wp-json\/wp\/v2\/product"}],"about":[{"href":"https:\/\/www.moensmeubelen.be\/fr\/wp-json\/wp\/v2\/types\/product"}],"replies":[{"embeddable":true,"href":"https:\/\/www.moensmeubelen.be\/fr\/wp-json\/wp\/v2\/comments?post=906576"}],"wp:featuredmedia":[{"embeddable":true,"href":"https:\/\/www.moensmeubelen.be\/fr\/wp-json\/wp\/v2\/media\/1003289"}],"wp:attachment":[{"href":"https:\/\/www.moensmeubelen.be\/fr\/wp-json\/wp\/v2\/media?parent=906576"}],"wp:term":[{"taxonomy":"product_brand","embeddable":true,"href":"https:\/\/www.moensmeubelen.be\/fr\/wp-json\/wp\/v2\/product_brand?post=906576"},{"taxonomy":"product_cat","embeddable":true,"href":"https:\/\/www.moensmeubelen.be\/fr\/wp-json\/wp\/v2\/product_cat?post=906576"},{"taxonomy":"product_tag","embeddable":true,"href":"https:\/\/www.moensmeubelen.be\/fr\/wp-json\/wp\/v2\/product_tag?post=906576"}],"curies":[{"name":"wp","href":"https:\/\/api.w.org\/{rel}","templated":true}]}}