{"id":912600,"date":"2026-06-28T00:00:00","date_gmt":"2026-06-28T00:00:00","guid":{"rendered":"https:\/\/www.moensmeubelen.be\/product\/57762001-fr_be\/"},"modified":"2026-06-29T00:53:26","modified_gmt":"2026-06-28T22:53:26","slug":"57762001-fr_BE","status":"publish","type":"product","link":"https:\/\/www.moensmeubelen.be\/fr\/produit\/57762001-fr_BE\/","title":{"rendered":"Maro, Grande ottomane gauche"},"content":{"rendered":"<p>Cette grande ottomane gauche de la collection MARO est un \u00e9l\u00e9ment confortable pour s\u2019asseoir et s\u2019allonger en toute d\u00e9tente. L\u2019\u00e9l\u00e9ment s\u2019ouvre subtilement vers l\u2019ext\u00e9rieur au lieu de former un angle droit de 90 degr\u00e9s, ce qui cr\u00e9e une sensation d\u2019ouverture et d\u2019espace. Cet \u00e9l\u00e9ment est \u00e9quip\u00e9 de s\u00e9rie de coussins de dossier amovibles et de mousse supr\u00eame, mais vous pouvez aussi choisir le confort luxueux des ressorts ensach\u00e9s. Gr\u00e2ce \u00e0 sa finition enti\u00e8rement rev\u00eatue de tissu, vous pouvez \u00e9galement placer cette ottomane librement dans la pi\u00e8ce. Disponible dans diff\u00e9rents tissus et coloris.<\/p>\n","protected":false},"excerpt":{"rendered":"<p>Maro, Grande ottomane gauche<\/p>\n","protected":false},"featured_media":1013542,"comment_status":"open","ping_status":"open","template":"","meta":{"_relevanssi_hide_post":"","_relevanssi_hide_content":"","_relevanssi_pin_for_all":"","_relevanssi_pin_keywords":"","_relevanssi_unpin_keywords":"","_relevanssi_related_keywords":"","_relevanssi_related_include_ids":"","_relevanssi_related_exclude_ids":"","_relevanssi_related_no_append":"","_relevanssi_related_not_related":"","_relevanssi_related_posts":"","_relevanssi_noindex_reason":""},"product_brand":[],"product_cat":[24213],"product_tag":[],"class_list":["post-912600","product","type-product","status-publish","has-post-thumbnail","product_cat-hoeksalon_fr_be-zetels_fr_BE","first","instock","taxable","shipping-taxable","purchasable","product-type-simple"],"_links":{"self":[{"href":"https:\/\/www.moensmeubelen.be\/fr\/wp-json\/wp\/v2\/product\/912600","targetHints":{"allow":["GET"]}}],"collection":[{"href":"https:\/\/www.moensmeubelen.be\/fr\/wp-json\/wp\/v2\/product"}],"about":[{"href":"https:\/\/www.moensmeubelen.be\/fr\/wp-json\/wp\/v2\/types\/product"}],"replies":[{"embeddable":true,"href":"https:\/\/www.moensmeubelen.be\/fr\/wp-json\/wp\/v2\/comments?post=912600"}],"wp:featuredmedia":[{"embeddable":true,"href":"https:\/\/www.moensmeubelen.be\/fr\/wp-json\/wp\/v2\/media\/1013542"}],"wp:attachment":[{"href":"https:\/\/www.moensmeubelen.be\/fr\/wp-json\/wp\/v2\/media?parent=912600"}],"wp:term":[{"taxonomy":"product_brand","embeddable":true,"href":"https:\/\/www.moensmeubelen.be\/fr\/wp-json\/wp\/v2\/product_brand?post=912600"},{"taxonomy":"product_cat","embeddable":true,"href":"https:\/\/www.moensmeubelen.be\/fr\/wp-json\/wp\/v2\/product_cat?post=912600"},{"taxonomy":"product_tag","embeddable":true,"href":"https:\/\/www.moensmeubelen.be\/fr\/wp-json\/wp\/v2\/product_tag?post=912600"}],"curies":[{"name":"wp","href":"https:\/\/api.w.org\/{rel}","templated":true}]}}