{"id":927618,"date":"2026-06-28T00:00:00","date_gmt":"2026-06-28T00:00:00","guid":{"rendered":"https:\/\/www.moensmeubelen.be\/product\/49746cre-fr_be\/"},"modified":"2026-06-28T21:27:51","modified_gmt":"2026-06-28T19:27:51","slug":"49746CRE-fr_BE","status":"publish","type":"product","link":"https:\/\/www.moensmeubelen.be\/fr\/produit\/49746CRE-fr_BE\/","title":{"rendered":"Puglia, Canap\u00e9 3 places &#8211; Tissu Vada &#8211; Creme"},"content":{"rendered":"<p>Des lignes nettes, une assise g\u00e9n\u00e9reuse et des d\u00e9tails subtils : voici le PUGLIA 3 places en Vada cr\u00e8me. Son tissu tiss\u00e9 clair et agr\u00e9able au toucher s\u2019int\u00e8gre parfaitement dans un int\u00e9rieur moderne et \u00e9l\u00e9gant. Les formes minimalistes structurent l\u2019espace, tandis que le cadre design m\u00e9tallique raffin\u00e9 ajoute de la l\u00e9g\u00e8ret\u00e9. Les ressorts ensach\u00e9s int\u00e9gr\u00e9s offrent un confort suppl\u00e9mentaire. Ce mod\u00e8le existe aussi en Vada caillou et cuivr.<\/p>\n","protected":false},"excerpt":{"rendered":"<p>Puglia, Canap\u00e9 3 places &#8211; Tissu Vada &#8211; Creme &#8211; Confort d\\&#8217;assise avec ressorts ensach\u00e9s, Cadre design luxueux, Un canap\u00e9 design \u00e9pur\u00e9 au look \u00e9l\u00e9gant<\/p>\n","protected":false},"featured_media":1003467,"comment_status":"open","ping_status":"open","template":"","meta":{"_relevanssi_hide_post":"","_relevanssi_hide_content":"","_relevanssi_pin_for_all":"","_relevanssi_pin_keywords":"","_relevanssi_unpin_keywords":"","_relevanssi_related_keywords":"","_relevanssi_related_include_ids":"","_relevanssi_related_exclude_ids":"","_relevanssi_related_no_append":"","_relevanssi_related_not_related":"","_relevanssi_related_posts":"","_relevanssi_noindex_reason":""},"product_brand":[],"product_cat":[5647],"product_tag":[],"class_list":["post-927618","product","type-product","status-publish","has-post-thumbnail","product_cat-zetels_l2_fr_BE","first","instock","taxable","shipping-taxable","purchasable","product-type-simple"],"_links":{"self":[{"href":"https:\/\/www.moensmeubelen.be\/fr\/wp-json\/wp\/v2\/product\/927618","targetHints":{"allow":["GET"]}}],"collection":[{"href":"https:\/\/www.moensmeubelen.be\/fr\/wp-json\/wp\/v2\/product"}],"about":[{"href":"https:\/\/www.moensmeubelen.be\/fr\/wp-json\/wp\/v2\/types\/product"}],"replies":[{"embeddable":true,"href":"https:\/\/www.moensmeubelen.be\/fr\/wp-json\/wp\/v2\/comments?post=927618"}],"wp:featuredmedia":[{"embeddable":true,"href":"https:\/\/www.moensmeubelen.be\/fr\/wp-json\/wp\/v2\/media\/1003467"}],"wp:attachment":[{"href":"https:\/\/www.moensmeubelen.be\/fr\/wp-json\/wp\/v2\/media?parent=927618"}],"wp:term":[{"taxonomy":"product_brand","embeddable":true,"href":"https:\/\/www.moensmeubelen.be\/fr\/wp-json\/wp\/v2\/product_brand?post=927618"},{"taxonomy":"product_cat","embeddable":true,"href":"https:\/\/www.moensmeubelen.be\/fr\/wp-json\/wp\/v2\/product_cat?post=927618"},{"taxonomy":"product_tag","embeddable":true,"href":"https:\/\/www.moensmeubelen.be\/fr\/wp-json\/wp\/v2\/product_tag?post=927618"}],"curies":[{"name":"wp","href":"https:\/\/api.w.org\/{rel}","templated":true}]}}