{"id":934213,"date":"2026-06-28T00:00:00","date_gmt":"2026-06-28T00:00:00","guid":{"rendered":"https:\/\/www.moensmeubelen.be\/product\/54002001-fr_be\/"},"modified":"2026-06-28T23:23:54","modified_gmt":"2026-06-28T21:23:54","slug":"54002001-fr_BE","status":"publish","type":"product","link":"https:\/\/www.moensmeubelen.be\/fr\/produit\/54002001-fr_BE\/","title":{"rendered":"Belem, 3-places &#8211; bas"},"content":{"rendered":"<p>Avec ce 3 places BELEM au dossier bas, vous aurez un \u00e9l\u00e9gant accroche-regard chez vous. La combinaison des formes douces, des lignes \u00e9pur\u00e9es et des d\u00e9tails subtils cr\u00e9e un look intemporel qui respire le calme et le style. De s\u00e9rie, BELEM offre un confort d\\&#8217;assise agr\u00e9able avec la mousse supr\u00eame, mais si vous voulez plus de douceur, optez pour les ressorts ensach\u00e9s. Le dossier bas permet de conserver le caract\u00e8re ouvert de votre int\u00e9rieur. Enfin, ce canap\u00e9 est disponible dans de nombreux tissus et plusieurs oculeurs\u00a0: m\u00e9langez, associez et cr\u00e9ez vous-m\u00eame votre BELEM.<\/p>\n","protected":false},"excerpt":{"rendered":"<p>Belem, 3-places &#8211; bas<\/p>\n","protected":false},"featured_media":1009180,"comment_status":"open","ping_status":"open","template":"","meta":{"_relevanssi_hide_post":"","_relevanssi_hide_content":"","_relevanssi_pin_for_all":"","_relevanssi_pin_keywords":"","_relevanssi_unpin_keywords":"","_relevanssi_related_keywords":"","_relevanssi_related_include_ids":"","_relevanssi_related_exclude_ids":"","_relevanssi_related_no_append":"","_relevanssi_related_not_related":"","_relevanssi_related_posts":"","_relevanssi_noindex_reason":""},"product_brand":[],"product_cat":[5647],"product_tag":[],"class_list":["post-934213","product","type-product","status-publish","has-post-thumbnail","product_cat-zetels_l2_fr_BE","first","instock","sale","taxable","shipping-taxable","purchasable","product-type-simple"],"_links":{"self":[{"href":"https:\/\/www.moensmeubelen.be\/fr\/wp-json\/wp\/v2\/product\/934213","targetHints":{"allow":["GET"]}}],"collection":[{"href":"https:\/\/www.moensmeubelen.be\/fr\/wp-json\/wp\/v2\/product"}],"about":[{"href":"https:\/\/www.moensmeubelen.be\/fr\/wp-json\/wp\/v2\/types\/product"}],"replies":[{"embeddable":true,"href":"https:\/\/www.moensmeubelen.be\/fr\/wp-json\/wp\/v2\/comments?post=934213"}],"wp:featuredmedia":[{"embeddable":true,"href":"https:\/\/www.moensmeubelen.be\/fr\/wp-json\/wp\/v2\/media\/1009180"}],"wp:attachment":[{"href":"https:\/\/www.moensmeubelen.be\/fr\/wp-json\/wp\/v2\/media?parent=934213"}],"wp:term":[{"taxonomy":"product_brand","embeddable":true,"href":"https:\/\/www.moensmeubelen.be\/fr\/wp-json\/wp\/v2\/product_brand?post=934213"},{"taxonomy":"product_cat","embeddable":true,"href":"https:\/\/www.moensmeubelen.be\/fr\/wp-json\/wp\/v2\/product_cat?post=934213"},{"taxonomy":"product_tag","embeddable":true,"href":"https:\/\/www.moensmeubelen.be\/fr\/wp-json\/wp\/v2\/product_tag?post=934213"}],"curies":[{"name":"wp","href":"https:\/\/api.w.org\/{rel}","templated":true}]}}