{"id":934245,"date":"2026-06-28T00:00:00","date_gmt":"2026-06-28T00:00:00","guid":{"rendered":"https:\/\/www.moensmeubelen.be\/product\/54050001-fr_be\/"},"modified":"2026-06-28T23:24:34","modified_gmt":"2026-06-28T21:24:34","slug":"54050001-fr_BE","status":"publish","type":"product","link":"https:\/\/www.moensmeubelen.be\/fr\/produit\/54050001-fr_BE\/","title":{"rendered":"Belem, 2-places &#8211; haut"},"content":{"rendered":"<p>Ce 2 places BELEM avec dossier haut donne \u00e0 votre coin salon une impression de convivialit\u00e9 et de luxe. Gr\u00e2ce au dossier haut, vous vous installez confortablement en arri\u00e8re. Quant aux courbes douces et aux lignes \u00e9pur\u00e9es, elles cr\u00e9ent une apparence \u00e9l\u00e9gante. Id\u00e9al comme \u00e9l\u00e9ment d\\&#8217;une configuration modulable ou comme deux places compact \u00e9l\u00e9gant. Dot\u00e9 de mousse supr\u00eame et, en option, de ressorts ensach\u00e9s pour encore plus de confort. Faites un choix parmi la multitude de tissus et de couleurs pour obtenir votre association parfaite.<\/p>\n","protected":false},"excerpt":{"rendered":"<p>Belem, 2-places &#8211; haut<\/p>\n","protected":false},"featured_media":1009210,"comment_status":"open","ping_status":"open","template":"","meta":{"_relevanssi_hide_post":"","_relevanssi_hide_content":"","_relevanssi_pin_for_all":"","_relevanssi_pin_keywords":"","_relevanssi_unpin_keywords":"","_relevanssi_related_keywords":"","_relevanssi_related_include_ids":"","_relevanssi_related_exclude_ids":"","_relevanssi_related_no_append":"","_relevanssi_related_not_related":"","_relevanssi_related_posts":"","_relevanssi_noindex_reason":""},"product_brand":[],"product_cat":[5647],"product_tag":[],"class_list":["post-934245","product","type-product","status-publish","has-post-thumbnail","product_cat-zetels_l2_fr_BE","first","instock","sale","taxable","shipping-taxable","purchasable","product-type-simple"],"_links":{"self":[{"href":"https:\/\/www.moensmeubelen.be\/fr\/wp-json\/wp\/v2\/product\/934245","targetHints":{"allow":["GET"]}}],"collection":[{"href":"https:\/\/www.moensmeubelen.be\/fr\/wp-json\/wp\/v2\/product"}],"about":[{"href":"https:\/\/www.moensmeubelen.be\/fr\/wp-json\/wp\/v2\/types\/product"}],"replies":[{"embeddable":true,"href":"https:\/\/www.moensmeubelen.be\/fr\/wp-json\/wp\/v2\/comments?post=934245"}],"wp:featuredmedia":[{"embeddable":true,"href":"https:\/\/www.moensmeubelen.be\/fr\/wp-json\/wp\/v2\/media\/1009210"}],"wp:attachment":[{"href":"https:\/\/www.moensmeubelen.be\/fr\/wp-json\/wp\/v2\/media?parent=934245"}],"wp:term":[{"taxonomy":"product_brand","embeddable":true,"href":"https:\/\/www.moensmeubelen.be\/fr\/wp-json\/wp\/v2\/product_brand?post=934245"},{"taxonomy":"product_cat","embeddable":true,"href":"https:\/\/www.moensmeubelen.be\/fr\/wp-json\/wp\/v2\/product_cat?post=934245"},{"taxonomy":"product_tag","embeddable":true,"href":"https:\/\/www.moensmeubelen.be\/fr\/wp-json\/wp\/v2\/product_tag?post=934245"}],"curies":[{"name":"wp","href":"https:\/\/api.w.org\/{rel}","templated":true}]}}