{"id":934252,"date":"2026-06-28T00:00:00","date_gmt":"2026-06-28T00:00:00","guid":{"rendered":"https:\/\/www.moensmeubelen.be\/product\/54051001-fr_be\/"},"modified":"2026-06-28T23:24:42","modified_gmt":"2026-06-28T21:24:42","slug":"54051001-fr_BE","status":"publish","type":"product","link":"https:\/\/www.moensmeubelen.be\/fr\/produit\/54051001-fr_BE\/","title":{"rendered":"Belem, 2.5-places &#8211; haut"},"content":{"rendered":"<p>Un peu plus spacieux, un peu plus grand, ce 2,5 places BELEM avec dossier haut est con\u00e7u pour sombrer dans le sommeil. Le dossier haut soutient votre corps de mani\u00e8re naturelle, tandis que le design \u00e9l\u00e9gant entra\u00eenera votre int\u00e9rieur \u00e0 un niveau sup\u00e9rieur. Parfait comme \u00e9l\u00e9ment ind\u00e9pendant ou en combinaison avec d\\&#8217;autres modules. Le rembourrage standard est en mousse supr\u00eame\u00a0; avec l\\&#8217;option ressorts ensach\u00e9s luxueux, vous serez confortablement assis. Personnalisez-le dans le tissu et la couleur de votre choix.<\/p>\n","protected":false},"excerpt":{"rendered":"<p>Belem, 2.5-places &#8211; haut<\/p>\n","protected":false},"featured_media":1009216,"comment_status":"open","ping_status":"open","template":"","meta":{"_relevanssi_hide_post":"","_relevanssi_hide_content":"","_relevanssi_pin_for_all":"","_relevanssi_pin_keywords":"","_relevanssi_unpin_keywords":"","_relevanssi_related_keywords":"","_relevanssi_related_include_ids":"","_relevanssi_related_exclude_ids":"","_relevanssi_related_no_append":"","_relevanssi_related_not_related":"","_relevanssi_related_posts":"","_relevanssi_noindex_reason":""},"product_brand":[],"product_cat":[5647],"product_tag":[],"class_list":["post-934252","product","type-product","status-publish","has-post-thumbnail","product_cat-zetels_l2_fr_BE","first","instock","sale","taxable","shipping-taxable","purchasable","product-type-simple"],"_links":{"self":[{"href":"https:\/\/www.moensmeubelen.be\/fr\/wp-json\/wp\/v2\/product\/934252","targetHints":{"allow":["GET"]}}],"collection":[{"href":"https:\/\/www.moensmeubelen.be\/fr\/wp-json\/wp\/v2\/product"}],"about":[{"href":"https:\/\/www.moensmeubelen.be\/fr\/wp-json\/wp\/v2\/types\/product"}],"replies":[{"embeddable":true,"href":"https:\/\/www.moensmeubelen.be\/fr\/wp-json\/wp\/v2\/comments?post=934252"}],"wp:featuredmedia":[{"embeddable":true,"href":"https:\/\/www.moensmeubelen.be\/fr\/wp-json\/wp\/v2\/media\/1009216"}],"wp:attachment":[{"href":"https:\/\/www.moensmeubelen.be\/fr\/wp-json\/wp\/v2\/media?parent=934252"}],"wp:term":[{"taxonomy":"product_brand","embeddable":true,"href":"https:\/\/www.moensmeubelen.be\/fr\/wp-json\/wp\/v2\/product_brand?post=934252"},{"taxonomy":"product_cat","embeddable":true,"href":"https:\/\/www.moensmeubelen.be\/fr\/wp-json\/wp\/v2\/product_cat?post=934252"},{"taxonomy":"product_tag","embeddable":true,"href":"https:\/\/www.moensmeubelen.be\/fr\/wp-json\/wp\/v2\/product_tag?post=934252"}],"curies":[{"name":"wp","href":"https:\/\/api.w.org\/{rel}","templated":true}]}}