{"id":937873,"date":"2026-06-28T00:00:00","date_gmt":"2026-06-28T00:00:00","guid":{"rendered":"https:\/\/www.moensmeubelen.be\/product\/55423cre-fr_be\/"},"modified":"2026-06-28T23:48:32","modified_gmt":"2026-06-28T21:48:32","slug":"55423CRE-fr_BE","status":"publish","type":"product","link":"https:\/\/www.moensmeubelen.be\/fr\/produit\/55423CRE-fr_BE\/","title":{"rendered":"Noel, fauteuil, avec ressorts ensach\u00e9s, tissu Sevilla cr\u00e8me, cadre cr\u00e8me"},"content":{"rendered":"<p>Avec la chaise NOEL, vous cr\u00e9ez facilement une ambiance calme et contemporaine autour de la table. Cette \u00e9l\u00e9gante chaise \u00e0 accoudoirs est rev\u00eatue du tissu chenille doux Sevilla en cr\u00e8me et dispose d\u2019un pi\u00e8tement m\u00e9tallique assorti dans la m\u00eame teinte claire. Les formes organiques donnent \u00e0 NOEL une allure accueillante, tandis que la suspension \u00e0 ressorts ensach\u00e9s de s\u00e9rie assure un confort suppl\u00e9mentaire pendant de longs moments \u00e0 table.<\/p>\n","protected":false},"excerpt":{"rendered":"<p>Noel, fauteuil, avec ressorts ensach\u00e9s, tissu Sevilla cr\u00e8me, cadre cr\u00e8me<\/p>\n","protected":false},"featured_media":1010498,"comment_status":"open","ping_status":"open","template":"","meta":{"_relevanssi_hide_post":"","_relevanssi_hide_content":"","_relevanssi_pin_for_all":"","_relevanssi_pin_keywords":"","_relevanssi_unpin_keywords":"","_relevanssi_related_keywords":"","_relevanssi_related_include_ids":"","_relevanssi_related_exclude_ids":"","_relevanssi_related_no_append":"","_relevanssi_related_not_related":"","_relevanssi_related_posts":"","_relevanssi_noindex_reason":""},"product_brand":[],"product_cat":[24145],"product_tag":[],"class_list":["post-937873","product","type-product","status-publish","has-post-thumbnail","product_cat-Armstoelen_fr_BE","first","instock","sale","taxable","shipping-taxable","purchasable","product-type-simple"],"_links":{"self":[{"href":"https:\/\/www.moensmeubelen.be\/fr\/wp-json\/wp\/v2\/product\/937873","targetHints":{"allow":["GET"]}}],"collection":[{"href":"https:\/\/www.moensmeubelen.be\/fr\/wp-json\/wp\/v2\/product"}],"about":[{"href":"https:\/\/www.moensmeubelen.be\/fr\/wp-json\/wp\/v2\/types\/product"}],"replies":[{"embeddable":true,"href":"https:\/\/www.moensmeubelen.be\/fr\/wp-json\/wp\/v2\/comments?post=937873"}],"wp:featuredmedia":[{"embeddable":true,"href":"https:\/\/www.moensmeubelen.be\/fr\/wp-json\/wp\/v2\/media\/1010498"}],"wp:attachment":[{"href":"https:\/\/www.moensmeubelen.be\/fr\/wp-json\/wp\/v2\/media?parent=937873"}],"wp:term":[{"taxonomy":"product_brand","embeddable":true,"href":"https:\/\/www.moensmeubelen.be\/fr\/wp-json\/wp\/v2\/product_brand?post=937873"},{"taxonomy":"product_cat","embeddable":true,"href":"https:\/\/www.moensmeubelen.be\/fr\/wp-json\/wp\/v2\/product_cat?post=937873"},{"taxonomy":"product_tag","embeddable":true,"href":"https:\/\/www.moensmeubelen.be\/fr\/wp-json\/wp\/v2\/product_tag?post=937873"}],"curies":[{"name":"wp","href":"https:\/\/api.w.org\/{rel}","templated":true}]}}