{"id":957882,"date":"2026-06-28T00:00:00","date_gmt":"2026-06-28T00:00:00","guid":{"rendered":"https:\/\/www.moensmeubelen.be\/product\/57525gee-fr_be\/"},"modified":"2026-06-29T00:49:11","modified_gmt":"2026-06-28T22:49:11","slug":"57525GEE-fr_BE","status":"publish","type":"product","link":"https:\/\/www.moensmeubelen.be\/fr\/produit\/57525GEE-fr_BE\/","title":{"rendered":"DOTS vase h41cm &#8211; Ivory"},"content":{"rendered":"<p>Fais encore mieux parler tes fleurs avec ce vase DOTS remarquable. La combinaison de courbes douces, de structures en relief ludiques et d\u2019une finition brillante conf\u00e8re \u00e0 ce vase un caract\u00e8re artistique qui attire imm\u00e9diatement l\u2019attention. Avec une hauteur de 41 cm, cet objet est parfait comme accent d\u00e9coratif sur un buffet, une table d\u2019appoint ou un rebord de fen\u00eatre. Sa teinte jaune fra\u00eeche apporte lumi\u00e8re et dynamisme \u00e0 ton int\u00e9rieur et se marie parfaitement avec des tons neutres ou des accents color\u00e9s. Ce vase fait partie de la collection DOTS de COCOmaison, d\u00e9velopp\u00e9e avec la trendwatcher Hilde Francq et est aussi disponible en vert olive et en bordeaux. Tous les articles de cette collection sont parfaitement mixables entre eux pour un ensemble harmonieux et \u00e9l\u00e9gant.<\/p>\n","protected":false},"excerpt":{"rendered":"<p>DOTS vase h41cm &#8211; Ivory<\/p>\n","protected":false},"featured_media":1013318,"comment_status":"open","ping_status":"open","template":"","meta":{"_relevanssi_hide_post":"","_relevanssi_hide_content":"","_relevanssi_pin_for_all":"","_relevanssi_pin_keywords":"","_relevanssi_unpin_keywords":"","_relevanssi_related_keywords":"","_relevanssi_related_include_ids":"","_relevanssi_related_exclude_ids":"","_relevanssi_related_no_append":"","_relevanssi_related_not_related":"","_relevanssi_related_posts":"","_relevanssi_noindex_reason":""},"product_brand":[],"product_cat":[1990],"product_tag":[],"class_list":["post-957882","product","type-product","status-publish","has-post-thumbnail","product_cat-vazen_fr_BE","first","instock","taxable","shipping-taxable","purchasable","product-type-simple"],"_links":{"self":[{"href":"https:\/\/www.moensmeubelen.be\/fr\/wp-json\/wp\/v2\/product\/957882","targetHints":{"allow":["GET"]}}],"collection":[{"href":"https:\/\/www.moensmeubelen.be\/fr\/wp-json\/wp\/v2\/product"}],"about":[{"href":"https:\/\/www.moensmeubelen.be\/fr\/wp-json\/wp\/v2\/types\/product"}],"replies":[{"embeddable":true,"href":"https:\/\/www.moensmeubelen.be\/fr\/wp-json\/wp\/v2\/comments?post=957882"}],"wp:featuredmedia":[{"embeddable":true,"href":"https:\/\/www.moensmeubelen.be\/fr\/wp-json\/wp\/v2\/media\/1013318"}],"wp:attachment":[{"href":"https:\/\/www.moensmeubelen.be\/fr\/wp-json\/wp\/v2\/media?parent=957882"}],"wp:term":[{"taxonomy":"product_brand","embeddable":true,"href":"https:\/\/www.moensmeubelen.be\/fr\/wp-json\/wp\/v2\/product_brand?post=957882"},{"taxonomy":"product_cat","embeddable":true,"href":"https:\/\/www.moensmeubelen.be\/fr\/wp-json\/wp\/v2\/product_cat?post=957882"},{"taxonomy":"product_tag","embeddable":true,"href":"https:\/\/www.moensmeubelen.be\/fr\/wp-json\/wp\/v2\/product_tag?post=957882"}],"curies":[{"name":"wp","href":"https:\/\/api.w.org\/{rel}","templated":true}]}}